{"id":24,"date":"2016-11-10T13:58:24","date_gmt":"2016-11-10T11:58:24","guid":{"rendered":"https:\/\/www.svenskfinlandskrigsankebarn.multi.fi\/?page_id=24"},"modified":"2026-03-27T14:32:25","modified_gmt":"2026-03-27T12:32:25","slug":"styrelsen","status":"publish","type":"page","link":"https:\/\/www.svenskfinlandskrigsankebarn.multi.fi\/?page_id=24","title":{"rendered":"Styrelsen"},"content":{"rendered":"\n<hr class=\"wp-block-separator has-alpha-channel-opacity\"\/>\n\n\n\n<hr class=\"wp-block-separator has-alpha-channel-opacity\"\/>\n\n\n\n<figure class=\"wp-block-image\"><img loading=\"lazy\" decoding=\"async\" width=\"300\" height=\"248\" src=\"https:\/\/www.svenskfinlandskrigsankebarn.multi.fi\/wp-content\/uploads\/2016\/06\/Caj-300x248.jpg\" alt=\"Caj\" class=\"wp-image-49\" srcset=\"https:\/\/www.svenskfinlandskrigsankebarn.multi.fi\/wp-content\/uploads\/2016\/06\/Caj-300x248.jpg 300w, https:\/\/www.svenskfinlandskrigsankebarn.multi.fi\/wp-content\/uploads\/2016\/06\/Caj-768x636.jpg 768w, https:\/\/www.svenskfinlandskrigsankebarn.multi.fi\/wp-content\/uploads\/2016\/06\/Caj-1024x848.jpg 1024w, https:\/\/www.svenskfinlandskrigsankebarn.multi.fi\/wp-content\/uploads\/2016\/06\/Caj.jpg 1410w\" sizes=\"auto, (max-width: 300px) 100vw, 300px\" \/><\/figure>\n\n\n\n<p><\/p>\n\n\n\n<p>ordf. &nbsp; &nbsp; &nbsp; &nbsp; &nbsp; &nbsp; &nbsp;Caj Grundstr\u00f6m &nbsp; &nbsp; &nbsp; &nbsp; &nbsp; Sibbo<\/p>\n\n\n\n<p>viceordf.&nbsp; &nbsp; &nbsp; &nbsp; &nbsp;Lars H\u00f6glund  &nbsp; &nbsp; &nbsp; &nbsp; &nbsp; &nbsp; &nbsp;Vasa<\/p>\n\n\n\n<p>sekreterare \u00a0 \u00a0 Ann-Sofi R\u00f6j-Lindberg\u00a0 \u00a0 \u00a0 \u00a0 \u00a0 Sundom \u00a0 <\/p>\n\n\n\n<p>kass\u00f6r &nbsp; &nbsp; &nbsp; &nbsp; &nbsp; &nbsp;Rainer&nbsp; Laurila&nbsp; &nbsp; &nbsp; &nbsp; &nbsp; &nbsp; &nbsp;Borg\u00e5<\/p>\n\n\n\n<p> arkivsk\u00f6tare B\u00f6rje Anderson\u00a0 Korsholm<\/p>\n\n\n\n<p>\u00a0<\/p>\n\n\n\n<p>\u00a0<\/p>\n\n\n\n<p><\/p>\n","protected":false},"excerpt":{"rendered":"<p>ordf. &nbsp; &nbsp; &nbsp; &nbsp; &nbsp; &nbsp; &nbsp;Caj Grundstr\u00f6m &nbsp; &nbsp; &nbsp; &nbsp; &nbsp; Sibbo viceordf.&nbsp; &nbsp; &nbsp; &nbsp; &nbsp;Lars H\u00f6glund &nbsp; &nbsp; &nbsp; &nbsp; &nbsp; &nbsp; &nbsp;Vasa sekreterare \u00a0 \u00a0 Ann-Sofi R\u00f6j-Lindberg\u00a0 \u00a0 \u00a0 \u00a0 \u00a0 Sundom \u00a0 kass\u00f6r &nbsp; &nbsp; &nbsp; &nbsp; &nbsp; &nbsp;Rainer&nbsp; Laurila&nbsp; &nbsp; &nbsp; &nbsp; &nbsp; &nbsp; &nbsp;Borg\u00e5 arkivsk\u00f6tare B\u00f6rje &hellip; <a href=\"https:\/\/www.svenskfinlandskrigsankebarn.multi.fi\/?page_id=24\" class=\"more-link\">Forts\u00e4tt l\u00e4sa <span class=\"screen-reader-text\">Styrelsen<\/span><\/a><\/p>\n","protected":false},"author":1,"featured_media":0,"parent":0,"menu_order":6,"comment_status":"closed","ping_status":"closed","template":"","meta":{"footnotes":""},"class_list":["post-24","page","type-page","status-publish","hentry"],"_links":{"self":[{"href":"https:\/\/www.svenskfinlandskrigsankebarn.multi.fi\/index.php?rest_route=\/wp\/v2\/pages\/24","targetHints":{"allow":["GET"]}}],"collection":[{"href":"https:\/\/www.svenskfinlandskrigsankebarn.multi.fi\/index.php?rest_route=\/wp\/v2\/pages"}],"about":[{"href":"https:\/\/www.svenskfinlandskrigsankebarn.multi.fi\/index.php?rest_route=\/wp\/v2\/types\/page"}],"author":[{"embeddable":true,"href":"https:\/\/www.svenskfinlandskrigsankebarn.multi.fi\/index.php?rest_route=\/wp\/v2\/users\/1"}],"replies":[{"embeddable":true,"href":"https:\/\/www.svenskfinlandskrigsankebarn.multi.fi\/index.php?rest_route=%2Fwp%2Fv2%2Fcomments&post=24"}],"version-history":[{"count":23,"href":"https:\/\/www.svenskfinlandskrigsankebarn.multi.fi\/index.php?rest_route=\/wp\/v2\/pages\/24\/revisions"}],"predecessor-version":[{"id":1971,"href":"https:\/\/www.svenskfinlandskrigsankebarn.multi.fi\/index.php?rest_route=\/wp\/v2\/pages\/24\/revisions\/1971"}],"wp:attachment":[{"href":"https:\/\/www.svenskfinlandskrigsankebarn.multi.fi\/index.php?rest_route=%2Fwp%2Fv2%2Fmedia&parent=24"}],"curies":[{"name":"wp","href":"https:\/\/api.w.org\/{rel}","templated":true}]}}