{"id":374,"date":"2020-04-17T09:30:59","date_gmt":"2020-04-17T06:30:59","guid":{"rendered":"https:\/\/www.svenskfinlandskrigsankebarn.multi.fi\/?page_id=374"},"modified":"2026-04-29T08:42:00","modified_gmt":"2026-04-29T05:42:00","slug":"medlemsbrev","status":"publish","type":"page","link":"https:\/\/www.svenskfinlandskrigsankebarn.multi.fi\/?page_id=374","title":{"rendered":"Medlemsbrev"},"content":{"rendered":"\n<div data-wp-interactive=\"core\/file\" class=\"wp-block-file\"><object data-wp-bind--hidden=\"!state.hasPdfPreview\" hidden class=\"wp-block-file__embed\" data=\"https:\/\/www.svenskfinlandskrigsankebarn.multi.fi\/wp-content\/uploads\/2026\/04\/medlemsbrev-2.-26-Copy.pdf\" type=\"application\/pdf\" style=\"width:100%;height:600px\" aria-label=\"Inb\u00e4ddning av medlemsbrev-2.-26-Copy.\"><\/object><a id=\"wp-block-file--media-bdff81b4-8ea4-4cf3-9f6a-f884286a217d\" href=\"https:\/\/www.svenskfinlandskrigsankebarn.multi.fi\/wp-content\/uploads\/2026\/04\/medlemsbrev-2.-26-Copy.pdf\">medlemsbrev-2.-26-Copy<\/a><a href=\"https:\/\/www.svenskfinlandskrigsankebarn.multi.fi\/wp-content\/uploads\/2026\/04\/medlemsbrev-2.-26-Copy.pdf\" class=\"wp-block-file__button wp-element-button\" download aria-describedby=\"wp-block-file--media-bdff81b4-8ea4-4cf3-9f6a-f884286a217d\">Ladda ner<\/a><\/div>\n\n\n\n<div data-wp-interactive=\"core\/file\" class=\"wp-block-file\"><object data-wp-bind--hidden=\"!state.hasPdfPreview\" hidden class=\"wp-block-file__embed\" data=\"https:\/\/www.svenskfinlandskrigsankebarn.multi.fi\/wp-content\/uploads\/2026\/04\/Borjen-1.pdf\" type=\"application\/pdf\" style=\"width:100%;height:600px\" aria-label=\"Inb\u00e4ddning av B\u00f6rjen.\"><\/object><a id=\"wp-block-file--media-fa15703f-f1eb-4056-8393-06a383f4f31b\" href=\"https:\/\/www.svenskfinlandskrigsankebarn.multi.fi\/wp-content\/uploads\/2026\/04\/Borjen-1.pdf\">B\u00f6rjen<\/a><a href=\"https:\/\/www.svenskfinlandskrigsankebarn.multi.fi\/wp-content\/uploads\/2026\/04\/Borjen-1.pdf\" class=\"wp-block-file__button wp-element-button\" download aria-describedby=\"wp-block-file--media-fa15703f-f1eb-4056-8393-06a383f4f31b\">Ladda ner<\/a><\/div>\n\n\n\n<div data-wp-interactive=\"core\/file\" class=\"wp-block-file\"><object data-wp-bind--hidden=\"!state.hasPdfPreview\" hidden class=\"wp-block-file__embed\" data=\"https:\/\/www.svenskfinlandskrigsankebarn.multi.fi\/wp-content\/uploads\/2026\/04\/Berattelse-2.pdf\" type=\"application\/pdf\" style=\"width:100%;height:600px\" aria-label=\"Inb\u00e4ddning av Berattelse.\"><\/object><a id=\"wp-block-file--media-9e0ebdf9-36e4-4eb9-9ef8-db4401430020\" href=\"https:\/\/www.svenskfinlandskrigsankebarn.multi.fi\/wp-content\/uploads\/2026\/04\/Berattelse-2.pdf\">Berattelse<\/a><a href=\"https:\/\/www.svenskfinlandskrigsankebarn.multi.fi\/wp-content\/uploads\/2026\/04\/Berattelse-2.pdf\" class=\"wp-block-file__button wp-element-button\" download aria-describedby=\"wp-block-file--media-9e0ebdf9-36e4-4eb9-9ef8-db4401430020\">Ladda ner<\/a><\/div>\n\n\n\n<div class=\"wp-block-media-text is-stacked-on-mobile\"><figure class=\"wp-block-media-text__media\"><\/figure><div class=\"wp-block-media-text__content\">\n<div class=\"wp-block-group is-nowrap is-layout-flex wp-container-core-group-is-layout-ad2f72ca wp-block-group-is-layout-flex\">\n<p><\/p>\n<\/div>\n<\/div><\/div>\n\n\n<div class=\"wp-block-image\">\n<figure class=\"aligncenter size-large is-resized\"><img decoding=\"async\" src=\"https:\/\/www.svenskfinlandskrigsankebarn.multi.fi\/wp-content\/uploads\/2026\/02\/image-835x1024.jpeg\" alt=\"\" class=\"wp-image-1947\" style=\"aspect-ratio:0.8154371710830025;width:138px;height:auto\"\/><\/figure>\n<\/div>\n\n\n<p><strong>Svenskfinlands krigs\u00e4nkebarn rf<\/strong><\/p>\n\n\n\n<p>&nbsp;<strong>MEDLEMSBREV &nbsp; &nbsp; 1 \/ 26<\/strong> Sibbo den 4 februari 2026<\/p>\n\n\n\n<p>B\u00e4sta krigs\u00e4nkebarn samt \u00f6vriga medlemma.<\/p>\n\n\n\n<p>\u00c5ren g\u00e5r s\u00e5 fort nu f\u00f6r tiden, och vi sj\u00e4lva g\u00e5r saktare och saktare ( endel av oss).<\/p>\n\n\n\n<p>Sommartr\u00e4ffen i Bj\u00f6rneborg den 21-23 augusti 2026 s\u00e5 \u00e4r programmet inte \u00e4nnu klart men vi besl\u00f6t att minska lite p\u00e5 det men nog skall vi g\u00f6ra n\u00e5got skojigt d\u00e5.<\/p>\n\n\n\n<p>Styrelsem\u00f6te den 20.01 i Vasa besl\u00f6t att vi skall dela ut bidrag till medlemmar som har en svag ekonomi, mera om det i detta brev.<\/p>\n\n\n\n<p>Dessutom skall vi igen diskutera p\u00e5 \u00e5rsm\u00f6tet f\u00f6reningens framtid, vi blir allt f\u00e4rre och f\u00e4rre medlemmar.<\/p>\n\n\n\n<p>Vi donerade till L\u00e4rkulla folkakademin den tavla som m\u00e5lats av Maja R\u00f6j-Urutia<\/p>\n\n\n\n<p>mer om det i brevet.<\/p>\n\n\n\n<p>En god forts\u00e4ttning \u00f6nskar<\/p>\n\n\n\n<p>Caj<\/p>\n\n\n\n<p><strong>\u00c5RSM\u00d6TET<\/strong><\/p>\n\n\n\n<p>M\u00f6tet \u00e4r l\u00f6rdagen den 14 mars 2026 p\u00e5 soldathemmet, Korsholmsesplanaden 6-8, Vasa. Start med lunch kl 12.00 som f\u00f6reningen bjuder p\u00e5. \u00c5rsm\u00f6tet b\u00f6rjar kl 12.30 OBS TIDEN&nbsp; Anm\u00e4l er f\u00f6r deltagande och lunch till Lars H\u00f6glund tel. 0505308140&nbsp; f\u00f6re den 9 mars.<\/p>\n\n\n\n<p><strong>LOKALTR\u00c4FFAR<\/strong><\/p>\n\n\n\n<p>VASA \/ KORSHOLM 12.02 kl 13 p\u00e5 Vallonia. Ann-Sofi R\u00f6j-Lindberg ber\u00e4ttar om hembygdsforskning i norra P\u00f6rtom.<\/p>\n\n\n\n<p>PEDERS\u00d6RE Uffes bar i Purmo 12.02 kl 13<\/p>\n\n\n\n<p>N\u00c4RPES Rest. Bistro 12.02 kl 13<\/p>\n\n\n\n<p>HELSINGFORS Den 12.02 hos Rose-Maj Fr\u00f6man Mannerheimv.95 A 21 kl 14<\/p>\n\n\n\n<p>V\u00c4STRA NYLAND. Karis, Socis Nils Grabbegatan 6, onsdagen den 18 mars 2026.&nbsp; &nbsp; &nbsp; OBS \u00c4NDRAD TID. Vi b\u00f6rjar med lunch kl 13.00 som ni sj\u00e4lva betalar&nbsp; och kl.14.00 b\u00f6rjar tr\u00e4ffen.&nbsp; Anm\u00e4l er till Ulla Nordstr\u00f6m tel. 0400780682 senast den 12 mars.<\/p>\n\n\n\n<p>\u00d6STRA NYLAND. P\u00e5 rest. Poukama, Emsal\u00f6v\u00e4gen 152&nbsp; torsdagen den 19 mars 2026 kl 12.00 med lunch och d\u00e4refter b\u00f6rjar m\u00f6tet.&nbsp; Anm\u00e4l er till Rainer Laurila tel. 0407328745 senast den 26 februari<\/p>\n\n\n\n<p><strong>MEDLEMMAR<\/strong><\/p>\n\n\n\n<p>Vi har 202 medlemmar varav 9 har medlemsavgiften obetald.<\/p>\n\n\n\n<p><strong>SOMMARTR\u00c4FFEN<\/strong><\/p>\n\n\n\n<p>\u00c4r den 21-23 augusti 2026 p\u00e5 Scandic&nbsp; hotel Pori. Itsen\u00e4isyydenkatu 41. 28100 Bj\u00f6rneborg.<\/p>\n\n\n\n<p><strong>MEDLEMSV\u00c5RD \/BIDRAGSANS\u00d6KAN<\/strong><\/p>\n\n\n\n<p>Medlem kan detta \u00e5r 2026 beg\u00e4ra st\u00f6d om ekonomin \u00e4r sv\u00e5r f\u00f6r tillf\u00e4llet, till exempel f\u00f6r olika v\u00e5rdbehov s\u00e5som tandv\u00e5rd,fotv\u00e5rd och andra personliga v\u00e5rdbehov etc. \u00c4ven ett resebidrag om man vill bes\u00f6ka ett viktigt st\u00e4lle eller en v\u00e4n. Styrelsen har budgeterat 1000\u20ac f\u00f6r \u00e5r 2026. H\u00f6gsta bidrag \u00e4r 100\u20ac per medlem. Styrelsen f\u00f6rlitar sig p\u00e5 att ans\u00f6karen \u00e4r \u00e4rlig.Ordf\u00f6rande Caj Grundst\u00f6m och kass\u00f6r Rainer Laurila har r\u00e4tt att bevilja eller f\u00f6rkasta anh\u00e5llan och n\u00e4r den budgeterade summan \u00e4r f\u00f6rbrukad s\u00e5 slutar bidragen.<\/p>\n\n\n\n<p>Skicka in ans\u00f6kan eller ring till.<\/p>\n\n\n\n<p>Caj Grundst\u00f6m tel. 0400 461 458 eller e.mail <a href=\"mailto:grundstrom.caj@gmail.com\">grundstrom.caj@gmail.com<\/a><\/p>\n\n\n\n<p>Tarapottsv\u00e4gen 12&nbsp; 01150 S\u00f6derkulla<\/p>\n\n\n\n<p>Kass\u00f6ren som betalar ut bidragen \u00e4r.<\/p>\n\n\n\n<p>Rainer Laurila&nbsp; tel.0407328745 eller e.mail krigsankebarn@gmail.com<\/p>\n\n\n\n<p><strong>HEMSIDAN<\/strong><\/p>\n\n\n\n<p>Rainer Laurila sk\u00f6ter om v\u00e5r hemsida. &nbsp; &nbsp; &nbsp; &nbsp; &nbsp; &nbsp; &nbsp; &nbsp; &nbsp; &nbsp; &nbsp; &nbsp; &nbsp; &nbsp; &nbsp; &nbsp; &nbsp; &nbsp; &nbsp; &nbsp; &nbsp; &nbsp; &nbsp; &nbsp; Rainer Laurila: <a href=\"mailto:krigsankebarn@gmail.com\">krigsankebarn@gmail.com<\/a>&nbsp;&nbsp;<\/p>\n\n\n\n<p>&nbsp;&nbsp;&nbsp;&nbsp;&nbsp;&nbsp;&nbsp;&nbsp;&nbsp;&nbsp;&nbsp;&nbsp;&nbsp;&nbsp;&nbsp;&nbsp;&nbsp;&nbsp;&nbsp;&nbsp;&nbsp;&nbsp;&nbsp;&nbsp;&nbsp;&nbsp;&nbsp;Efter detta kommer L\u00e4rkulla\/ foto fr\u00e5n jullunchen<\/p>\n\n\n\n<figure class=\"wp-block-image size-large\"><img loading=\"lazy\" decoding=\"async\" width=\"1024\" height=\"682\" src=\"https:\/\/www.svenskfinlandskrigsankebarn.multi.fi\/wp-content\/uploads\/2025\/11\/Kringsankebarn_FotoEmiliaNyberg-1024x682.jpg\" alt=\"Caj,Rainer Ulla och &quot;Jussi&quot; J\u00e4ntti Rektor p\u00e5 L\u00e4rkkulla\" class=\"wp-image-1912\" srcset=\"https:\/\/www.svenskfinlandskrigsankebarn.multi.fi\/wp-content\/uploads\/2025\/11\/Kringsankebarn_FotoEmiliaNyberg-1024x682.jpg 1024w, https:\/\/www.svenskfinlandskrigsankebarn.multi.fi\/wp-content\/uploads\/2025\/11\/Kringsankebarn_FotoEmiliaNyberg-300x200.jpg 300w, https:\/\/www.svenskfinlandskrigsankebarn.multi.fi\/wp-content\/uploads\/2025\/11\/Kringsankebarn_FotoEmiliaNyberg-768x512.jpg 768w, https:\/\/www.svenskfinlandskrigsankebarn.multi.fi\/wp-content\/uploads\/2025\/11\/Kringsankebarn_FotoEmiliaNyberg-1536x1023.jpg 1536w, https:\/\/www.svenskfinlandskrigsankebarn.multi.fi\/wp-content\/uploads\/2025\/11\/Kringsankebarn_FotoEmiliaNyberg-2048x1365.jpg 2048w\" sizes=\"auto, (max-width: 1024px) 100vw, 1024px\" \/><figcaption class=\"wp-element-caption\">Caj,Rainer,Ulla och &#8221;Jussi&#8221; J\u00e4ntti, rektor p\u00e5 L\u00e4rkkulla<\/figcaption><\/figure>\n\n\n\n<p><em>Vi p\u00e5 L\u00e4rkkulla har haft den stora gl\u00e4djen att ta emot en g\u00e5va fr\u00e5n Svenskfinlands krigs\u00e4nkebarn: en m\u00e5lning av Maja R\u00f6j Urrutia, som sj\u00e4lv \u00e4r barnbarn till en krigs\u00e4nka. Tavlan f\u00f6rest\u00e4ller krigs\u00e4nkebarn och b\u00e4r en djupt personlig ber\u00e4ttelse. Konstn\u00e4ren beskriver sj\u00e4lv bakgrunden s\u00e5 h\u00e4r:<\/em><\/p>\n\n\n\n<p><em>\u201cF\u00f6r mig som \u00e4r krigs\u00e4nkebarnbarn \u00e4r det ocks\u00e5 viktigt att vara med i f\u00f6reningen. Jag vill h\u00e5lla kvar minnet av min mommo och mamma \u2013 de finns n\u00e4rmare mig nu n\u00e4r jag som vuxen tar del av det f\u00f6reningen ordnar och skriver. S\u00e5 sm\u00e5ningom b\u00f6rjade jag m\u00e5la bilden med era ansikten som betytt s\u00e5 mycket f\u00f6r min mamma och nu f\u00f6r mig. Min mammas krossade dr\u00f6mmar s\u00e5g jag i s\u00e5 m\u00e5ngas \u00f6gon, i era \u00f6gon. Ni som varit med om en barndom d\u00e4r kriget tog ifr\u00e5n er s\u00e5 mycket.\u201d<\/em><\/p>\n\n\n\n<p><em>Tavlan \u00f6verr\u00e4cktes till oss av Caj Grundstr\u00f6m, Rainer Laurila och Ulla Nordstr\u00f6m, som \u00f6nskade att konstverket skulle f\u00e5 sin plats p\u00e5 L\u00e4rkkulla \u2013 samma plats som stod v\u00e4rd f\u00f6r den allra f\u00f6rsta tr\u00e4ffen f\u00f6r krigs\u00e4nkebarnen v\u00e5ren 2003. Den tr\u00e4ffen, som Ulla initierade, blev startskottet f\u00f6r ett viktigt n\u00e4tverk. Senare samma \u00e5r h\u00f6lls tr\u00e4ffar i \u00d6sterbotten d\u00e4r beslutet fattades att grunda f\u00f6reningen.<\/em><\/p>\n\n\n\n<p><em>Vi minns ocks\u00e5 med v\u00e4rme den senaste sommartr\u00e4ffen som h\u00f6lls p\u00e5 L\u00e4rkkulla \u00e5r 2017. D\u00e5 samlades 122 deltagare till tre dagar av gemenskap, f\u00f6rel\u00e4sningar och kulturprogram. Deltagarna fick bland annat h\u00f6ra landsh\u00f6vding Jakob S\u00f6derman dela minnen fr\u00e5n sin egen barndom, och kv\u00e4llarna fylldes av samtal, musik och \u00e5terseenden.<\/em><\/p>\n\n\n\n<p><em>Det \u00e4r en stor \u00e4ra f\u00f6r oss att f\u00e5 bevara detta konstverk och den historia som f\u00f6ljer med det. Ett varmt tack till Svenskfinlands krigs\u00e4nkebarn f\u00f6r f\u00f6rtroendet och f\u00f6r ert viktiga arbete med att h\u00e5lla minnena levande.<\/em><\/p>\n\n\n\n<p><br>Med v\u00e4nliga h\u00e4lsningar,<\/p>\n\n\n\n<p><strong>E<\/strong><em>Vi p\u00e5 L\u00e4rkkulla har haft den stora gl\u00e4djen att ta emot en g\u00e5va fr\u00e5n Svenskfinlands krigs\u00e4nkebarn: en m\u00e5lning av Maja R\u00f6j Urrutia, som sj\u00e4lv \u00e4r barnbarn till en krigs\u00e4nka. Tavlan f\u00f6rest\u00e4ller krigs\u00e4nkebarn och b\u00e4r en djupt personlig ber\u00e4ttelse. Konstn\u00e4ren beskriver sj\u00e4lv bakgrunden s\u00e5 h\u00e4r:<\/em><\/p>\n\n\n\n<p><em>\u201cF\u00f6r mig som \u00e4r krigs\u00e4nkebarnbarn \u00e4r det ocks\u00e5 viktigt att vara med i f\u00f6reningen. Jag vill h\u00e5lla kvar minnet av min mommo och mamma \u2013 de finns n\u00e4rmare mig nu n\u00e4r jag som vuxen tar del av det f\u00f6reningen ordnar och skriver. S\u00e5 sm\u00e5ningom b\u00f6rjade jag m\u00e5la bilden med era ansikten som betytt s\u00e5 mycket f\u00f6r min mamma och nu f\u00f6r mig. Min mammas krossade dr\u00f6mmar s\u00e5g jag i s\u00e5 m\u00e5ngas \u00f6gon, i era \u00f6gon. Ni som varit med om en barndom d\u00e4r kriget tog ifr\u00e5n er s\u00e5 mycket.\u201d<\/em><\/p>\n\n\n\n<p><em>Tavlan \u00f6verr\u00e4cktes till oss av Caj Grundstr\u00f6m, Rainer Laurila och Ulla Nordstr\u00f6m, som \u00f6nskade att konstverket skulle f\u00e5 sin plats p\u00e5 L\u00e4rkkulla \u2013 samma plats som stod v\u00e4rd f\u00f6r den allra f\u00f6rsta tr\u00e4ffen f\u00f6r krigs\u00e4nkebarnen v\u00e5ren 2003. Den tr\u00e4ffen, som Ulla initierade, blev startskottet f\u00f6r ett viktigt n\u00e4tverk. Senare samma \u00e5r h\u00f6lls tr\u00e4ffar i \u00d6sterbotten d\u00e4r beslutet fattades att grunda f\u00f6reningen.<\/em><\/p>\n\n\n\n<p><em>Vi minns ocks\u00e5 med v\u00e4rme den senaste sommartr\u00e4ffen som h\u00f6lls p\u00e5 L\u00e4rkkulla \u00e5r 2017. D\u00e5 samlades 122 deltagare till tre dagar av gemenskap, f\u00f6rel\u00e4sningar och kulturprogram. Deltagarna fick bland annat h\u00f6ra landsh\u00f6vding Jakob S\u00f6derman dela minnen fr\u00e5n sin egen barndom, och kv\u00e4llarna fylldes av samtal, musik och \u00e5terseenden.<\/em><\/p>\n\n\n\n<p><em>Det \u00e4r en stor \u00e4ra f\u00f6r oss att f\u00e5 bevara detta konstverk och den historia som f\u00f6ljer med det. Ett varmt tack till Svenskfinlands krigs\u00e4nkebarn f\u00f6r f\u00f6rtroendet och f\u00f6r ert viktiga arbete med att h\u00e5lla minnena levande.<\/em><\/p>\n\n\n\n<p><br>Med v\u00e4nliga h\u00e4lsningar,<\/p>\n\n\n\n<p><strong>Emilia Nyberg<\/strong><\/p>\n\n\n\n<p><em>Kommunikat\u00f6r, tiedottaja<\/em>&nbsp;&#8211; L\u00e4rkkulla-stiftelsen<\/p>\n\n\n\n<p>044 7200 470<\/p>\n\n\n\n<p><a href=\"http:\/\/www.larkkulla.net\/\" target=\"_blank\" rel=\"noreferrer noopener\">www.larkkulla.net<\/a><strong>milia Nyberg<\/strong><\/p>\n\n\n\n<p><em>Kommunikat\u00f6r, tiedottaja<\/em>&nbsp;&#8211; L\u00e4rkkulla-stiftelsen<\/p>\n\n\n\n<p>044 7200 470<\/p>\n\n\n\n<p><a href=\"http:\/\/www.larkkulla.net\/\" target=\"_blank\" rel=\"noreferrer noopener\">www.larkkulla.net<\/a><\/p>\n\n\n\n<figure class=\"wp-block-image size-large\"><img loading=\"lazy\" decoding=\"async\" width=\"744\" height=\"1024\" src=\"https:\/\/www.svenskfinlandskrigsankebarn.multi.fi\/wp-content\/uploads\/2026\/02\/Skannaus_20260212-5-1-744x1024.jpg\" alt=\"\" class=\"wp-image-1942\" srcset=\"https:\/\/www.svenskfinlandskrigsankebarn.multi.fi\/wp-content\/uploads\/2026\/02\/Skannaus_20260212-5-1-744x1024.jpg 744w, https:\/\/www.svenskfinlandskrigsankebarn.multi.fi\/wp-content\/uploads\/2026\/02\/Skannaus_20260212-5-1-218x300.jpg 218w, https:\/\/www.svenskfinlandskrigsankebarn.multi.fi\/wp-content\/uploads\/2026\/02\/Skannaus_20260212-5-1-768x1057.jpg 768w, https:\/\/www.svenskfinlandskrigsankebarn.multi.fi\/wp-content\/uploads\/2026\/02\/Skannaus_20260212-5-1-1117x1536.jpg 1117w, https:\/\/www.svenskfinlandskrigsankebarn.multi.fi\/wp-content\/uploads\/2026\/02\/Skannaus_20260212-5-1-1489x2048.jpg 1489w, https:\/\/www.svenskfinlandskrigsankebarn.multi.fi\/wp-content\/uploads\/2026\/02\/Skannaus_20260212-5-1-scaled.jpg 1861w\" sizes=\"auto, (max-width: 744px) 100vw, 744px\" \/><\/figure>\n\n\n<div class=\"wp-block-image\">\n<figure class=\"aligncenter size-full is-resized\"><img loading=\"lazy\" decoding=\"async\" width=\"591\" height=\"724\" src=\"https:\/\/www.svenskfinlandskrigsankebarn.multi.fi\/wp-content\/uploads\/2023\/08\/v\u00e5rt-emble.jpg\" alt=\"\" class=\"wp-image-1458\" style=\"width:79px;height:auto\" srcset=\"https:\/\/www.svenskfinlandskrigsankebarn.multi.fi\/wp-content\/uploads\/2023\/08\/v\u00e5rt-emble.jpg 591w, https:\/\/www.svenskfinlandskrigsankebarn.multi.fi\/wp-content\/uploads\/2023\/08\/v\u00e5rt-emble-245x300.jpg 245w\" sizes=\"auto, (max-width: 591px) 100vw, 591px\" \/><\/figure>\n<\/div>\n\n\n<h2 class=\"wp-block-heading\">Svenskfinlands krigs\u00e4nkebarn rf<\/h2>\n\n\n\n<p><strong><br>MEDLEMSBREV &nbsp; &nbsp; 4 \/ 25<\/strong>&nbsp;&nbsp;&nbsp;&nbsp;&nbsp;&nbsp;&nbsp;&nbsp;&nbsp;&nbsp;&nbsp;&nbsp;&nbsp;&nbsp;&nbsp;&nbsp;&nbsp;&nbsp;&nbsp;&nbsp;&nbsp;&nbsp;&nbsp;&nbsp;Sibbo den 22 oktober 2025<\/p>\n\n\n\n<p>Hej alla krigs\u00e4nkebarn och medlemmar<\/p>\n\n\n\n<p>N\u00e5 nu \u00e4r 20 \u00e5rsfesten f\u00f6rbi&nbsp;och det&nbsp;blir s\u00e4kert ett k\u00e4rt minne f\u00f6r m\u00e5nga. Vi f\u00e5r b\u00f6rja med nya upplevelser f\u00f6r n\u00e4sta historik skrivning.&nbsp;Det&nbsp;som var&nbsp;skrivet&nbsp;f\u00f6r v\u00e5rt 20-\u00e5rsjubileum var ett&nbsp;praktexempel&nbsp;tack \u00e4nnu en g\u00e5ng till Ann-Sofi och B\u00f6rje. V\u00e5r ekonomi \u00e4r f\u00f6r tillf\u00e4llet god s\u00e5 vi kan \u00e4ta gratis&nbsp;jullunch&nbsp;med god aptit. Dessutom kan vi spendera i n\u00e4sta \u00e5r till&nbsp;medlemmar&nbsp;som beh\u00f6ver n\u00e5got extra, mer om detta i n\u00e4sta medlemsbrev. Vi kommer att h\u00e5lla kontakten med KOL om mera&nbsp;samarbete&nbsp;under det kommande \u00e5ret. \u00c4ven kommer vi att f\u00f6rs\u00f6ka&nbsp;samarbeta&nbsp;med veteranf\u00f6reningen Ekl\u00f6vet i n\u00e5gon form.<\/p>\n\n\n\n<p>Med \u00f6nskan om mer information av er alla vad ni vill att vi skall g\u00f6ra i f\u00f6reningen s\u00e5 att den blir mer&nbsp;attraktiv&nbsp;f\u00f6r nya medlemmar.<\/p>\n\n\n\n<p>M\u00e5nga h\u00e4lsningar<\/p>\n\n\n\n<p>Caj<\/p>\n\n\n\n<p><strong>&nbsp;Styrelsem\u00f6tet<\/strong>&nbsp;den 30.09 2025 besl\u00f6t &nbsp;att ett \u00e5rsm\u00f6te, lokaltr\u00e4ffarna och julgr\u00f6t skall h\u00e5llas &nbsp;samt att n\u00e4r ekonomin i f\u00f6reningen \u00e4r god s\u00e5 skall vi budjetera 1000\u20ac \/ \u00e5r f\u00f6r att medlemmar kan anh\u00e5lla om bidrag till utgifter som kan bli sv\u00e5ra att betala f\u00f6r dem. Mot r\u00e4kning f\u00f6r&nbsp;till exempel&nbsp;fotv\u00e5rd, glas\u00f6gon&nbsp;reparation och massage kan vi betala h\u00f6gst 100 \u20ac per medlem. Mer information i medlemsbrev 1\/26.<\/p>\n\n\n\n<p><strong>&#8221;MEDLEMSV\u00c5RDEN&#8221; JUL LUNCH, KAFFE OCH JULT\u00c5RTA<\/strong><\/p>\n\n\n\n<p>\u00d6STERBOTTEN&nbsp;&nbsp;&nbsp;&nbsp;&nbsp;&nbsp;&nbsp;&nbsp;&nbsp;&nbsp;&nbsp;&nbsp;&nbsp;&nbsp;&nbsp;&nbsp;&nbsp;&nbsp;&nbsp;&nbsp;&nbsp;&nbsp;&nbsp;&nbsp;&nbsp;&nbsp;&nbsp;&nbsp;&nbsp;&nbsp;&nbsp;&nbsp;&nbsp;&nbsp;&nbsp;&nbsp;&nbsp;&nbsp;&nbsp;&nbsp; &nbsp; &nbsp; &nbsp; &nbsp; &nbsp; &nbsp; &nbsp; &nbsp; &nbsp; &nbsp; &nbsp; &nbsp; &nbsp; &nbsp;I VASA \/ KORSHOLM &nbsp;Restaurang Benny vid&nbsp;Replotbron&nbsp;torsdagen den 09.12 2025 kl. 14.00 &nbsp;lunchen bjuder f\u00f6rening p\u00e5, men ordna sj\u00e4lv transporten dit med n\u00e5gon annan medlem. Anm\u00e4l till Lars H\u00f6glund tel. 050 5308140 senast den 01 december. &nbsp;Inbjudan \u00e4r med avec.<\/p>\n\n\n\n<p>S\u00d6DRA FINLAND&nbsp;&nbsp;&nbsp;&nbsp;&nbsp;&nbsp;&nbsp;&nbsp;&nbsp;&nbsp;&nbsp;&nbsp;&nbsp;&nbsp;&nbsp;&nbsp;&nbsp;&nbsp;&nbsp;&nbsp;&nbsp;&nbsp;&nbsp;&nbsp;&nbsp;&nbsp;&nbsp;&nbsp;&nbsp;&nbsp;&nbsp;&nbsp;&nbsp;&nbsp;&nbsp;&nbsp;&nbsp;&nbsp;&nbsp;&nbsp; &nbsp; &nbsp; &nbsp; &nbsp; &nbsp; &nbsp; &nbsp; &nbsp; &nbsp; &nbsp; &nbsp; &nbsp; &nbsp;P\u00e5 Majvik kongresshotel, Majviksv\u00e4gen 1 Masaby, Kyrksl\u00e4tt torsdagen den 09. 12.2025 kl 14.00.Lunchen bjuder f\u00f6reningen p\u00e5 men ordna sj\u00e4lv&nbsp;transporten&nbsp;med n\u00e5gon annan medlem. Inbjudan \u00e4r med avec. Anm\u00e4lning till Rainer Laurila tel. 0407328745. I &nbsp;VN Ulla Nordstr\u00f6m tel.0400780682. Anm\u00e4l f\u00f6re den 01 december.<\/p>\n\n\n\n<p><strong>LOKALTR\u00c4FFAR 2025&nbsp;&nbsp;&nbsp;&nbsp;&nbsp;&nbsp;&nbsp;&nbsp;<\/strong><\/p>\n\n\n\n<p>VASA \/ KORSHOLM, Hotel Vallonia Smedsby torsdagen den&nbsp;12.02.2026&nbsp;kl 13.00. Anm\u00e4l till Lars H\u00f6glund tel. 050 5308140 senast den 06 december 2026.<\/p>\n\n\n\n<p>PEDERS\u00d6RE &nbsp;UFFES&nbsp;bar Purmo torsdagen den&nbsp;12.02.2026&nbsp;kl 13.00.&nbsp;Anm\u00e4lan&nbsp;till Yvonne Stenmark tel. 0504139902 senast den&nbsp;06.02.2026.<\/p>\n\n\n\n<p>N\u00c4RPES,&nbsp;Restaurant&nbsp;Bistro&nbsp;torsdagen&nbsp;den&nbsp;12.02.2026&nbsp;kl. 13.00.&nbsp;Anm\u00e4lan&nbsp;till Berit Rosenberg tel. 0407649581 senast&nbsp;06.02.2026.&nbsp;Priset \u00e4r ca.12.00 \u20ac per person.<\/p>\n\n\n\n<p>HELSINGFORS, &nbsp;Folkh\u00e4lsan &nbsp;hos Rose-Maj Fr\u00f6man Mannerheimv\u00e4gen 95 A 21 &nbsp;torsdagen den 12.02 2026 kl 14.00.&nbsp;Anm\u00e4lan&nbsp;till Rose -Maj Fr\u00f6man tel. 0503299490<\/p>\n\n\n\n<p>V\u00c4STRA NYLAND, Karis Socis, Nils Grabbegatan 6 fredagen den&nbsp;20.03.2026&nbsp;kl.14.00. Vill ni \u00e4ta kom till kl.13.00.&nbsp;Anm\u00e4lan&nbsp;till Ulla Nordstr\u00f6m tel. 0400 780682 senast den 15.03 2026.<\/p>\n\n\n\n<p>\u00d6STRA NYLAND. H\u00e5lles torsdagen den 19.03 2026 kl 12.00. &nbsp;Restaurang&nbsp;Poukama&nbsp;Emsal\u00f6v\u00e4gen 152. Anm\u00e4lning till Rainer Laurila tel.0407328745 f\u00f6re den 26.02 2026..<\/p>\n\n\n\n<p><strong>\u00c5RSM\u00d6TET F\u00d6R \u00c5RET 2026<\/strong><\/p>\n\n\n\n<p>H\u00e5lls&nbsp;i Vasa &nbsp;l\u00f6rdagen den 14 mars 2026 p\u00e5 soldathemmet i Vasa kl 13.00.<\/p>\n\n\n\n<p><strong>SOMMARTR\u00c4FFEN &nbsp;&nbsp;&nbsp;&nbsp;&nbsp;&nbsp;&nbsp;&nbsp;&nbsp;&nbsp;&nbsp;&nbsp;&nbsp;&nbsp;&nbsp;&nbsp;&nbsp;&nbsp;&nbsp;&nbsp;&nbsp;&nbsp;&nbsp;&nbsp;&nbsp;&nbsp;&nbsp;&nbsp;&nbsp;&nbsp;&nbsp;&nbsp;&nbsp;&nbsp;&nbsp;&nbsp;&nbsp;&nbsp;&nbsp;&nbsp;&nbsp; &nbsp; &nbsp; &nbsp; &nbsp; &nbsp; &nbsp; &nbsp; &nbsp; &nbsp;<\/strong><\/p>\n\n\n\n<p>H\u00e5lls&nbsp;p\u00e5 Hotel Scandic Bj\u00f6rneborg den 21 -23.08 2026. Program och prisuppgifter kommer i medlemsbrev 2026.<strong>&nbsp; &nbsp; &nbsp; &nbsp; &nbsp; &nbsp; &nbsp; &nbsp; &nbsp; &nbsp; &nbsp; &nbsp; &nbsp; &nbsp; &nbsp; &nbsp; &nbsp; &nbsp;&nbsp;&nbsp;&nbsp;&nbsp;&nbsp;&nbsp;&nbsp;&nbsp;&nbsp;&nbsp;&nbsp;&nbsp;&nbsp;&nbsp;&nbsp;&nbsp;&nbsp;&nbsp;&nbsp;&nbsp;&nbsp;&nbsp;&nbsp;&nbsp;<\/strong><strong>&nbsp;&nbsp;&nbsp;&nbsp;&nbsp;&nbsp;&nbsp;&nbsp;&nbsp; &nbsp; &nbsp; &nbsp; &nbsp; &nbsp; &nbsp; &nbsp; &nbsp;<\/strong><\/p>\n\n\n\n<p><strong>MEDLEMSAVGIFTEN &nbsp;&nbsp;&nbsp;&nbsp;&nbsp;&nbsp;&nbsp;&nbsp;&nbsp;&nbsp;&nbsp;&nbsp;&nbsp;&nbsp;&nbsp;&nbsp;&nbsp;&nbsp;&nbsp;&nbsp;&nbsp;&nbsp;&nbsp;&nbsp;&nbsp;&nbsp;&nbsp;&nbsp;&nbsp;&nbsp;&nbsp;&nbsp;&nbsp;&nbsp;&nbsp;&nbsp;&nbsp;&nbsp;&nbsp;&nbsp;&nbsp; &nbsp; &nbsp; &nbsp; &nbsp; &nbsp; &nbsp; &nbsp; &nbsp; &nbsp; &nbsp; &nbsp;<\/strong><\/p>\n\n\n\n<p>Det finns \u00e4nnu 27 medlemmar som inte har betalat. Vi skickar ett nytt bankgiro med i detta medlemsbrev. Om det \u00e4r n\u00e5got som \u00e4r oklart kontakta v\u00e5r kass\u00f6r Rainer Laurila tel. 040 7328745<\/p>\n\n\n\n<p><strong>GRAVSTENSM\u00c4RKET&nbsp;&nbsp;&nbsp;&nbsp;&nbsp;&nbsp;&nbsp;&nbsp;&nbsp;&nbsp;&nbsp;&nbsp;&nbsp;&nbsp;&nbsp;&nbsp;&nbsp;&nbsp;&nbsp;&nbsp;&nbsp;&nbsp;&nbsp;&nbsp; &nbsp; &nbsp; &nbsp; &nbsp; &nbsp; &nbsp; &nbsp; &nbsp; &nbsp; &nbsp; &nbsp; &nbsp; &nbsp; &nbsp; &nbsp; &nbsp; &nbsp; &nbsp; &nbsp; &nbsp; &nbsp; &nbsp; &nbsp; &nbsp; &nbsp; &nbsp; &nbsp; &nbsp; &nbsp; &nbsp; &nbsp;<\/strong>Finns i lager och kostar 50 \u20ac + porto. Kan best\u00e4llas fr\u00e5n kass\u00f6ren.<strong>&nbsp; &nbsp; &nbsp; &nbsp; &nbsp; &nbsp; &nbsp; &nbsp; &nbsp; &nbsp; &nbsp; &nbsp; &nbsp; &nbsp; &nbsp; &nbsp; &nbsp; &nbsp; &nbsp; &nbsp; &nbsp; &nbsp; &nbsp; &nbsp; &nbsp; &nbsp; &nbsp; &nbsp; &nbsp; &nbsp; &nbsp; &nbsp; &nbsp; &nbsp; &nbsp; &nbsp; &nbsp; &nbsp; &nbsp; &nbsp; &nbsp; &nbsp; &nbsp; &nbsp; &nbsp; &nbsp; &nbsp; &nbsp; &nbsp; &nbsp; &nbsp; &nbsp; &nbsp; &nbsp; &nbsp; &nbsp; &nbsp; &nbsp; &nbsp; &nbsp; &nbsp; &nbsp; &nbsp; &nbsp; &nbsp; &nbsp; &nbsp; &nbsp; &nbsp; &nbsp; &nbsp;<\/strong><\/p>\n\n\n\n<p><strong>HEMSIDAN&nbsp;&nbsp;&nbsp;&nbsp;&nbsp;&nbsp;&nbsp;&nbsp;<\/strong><strong>&nbsp;&nbsp;&nbsp;&nbsp;&nbsp;&nbsp;&nbsp;&nbsp;&nbsp;&nbsp;&nbsp;&nbsp;&nbsp;&nbsp;&nbsp;&nbsp;&nbsp;&nbsp;&nbsp;&nbsp;&nbsp;&nbsp;&nbsp;&nbsp;&nbsp;&nbsp;&nbsp;&nbsp;&nbsp;&nbsp;&nbsp;&nbsp;&nbsp;&nbsp;&nbsp;&nbsp;&nbsp;&nbsp;&nbsp;&nbsp;&nbsp; &nbsp; &nbsp;<\/strong><\/p>\n\n\n\n<p>Se p\u00e5 v\u00e5r hemsida http:\/\/www.svenskfinlandskrigs\u00e4nkebarn.multi.fi\/<\/p>\n\n\n\n<p>OBS. Ni kan se &nbsp;KOL,s jubileumskonsert i Domkyrkan 14.09 kl 13-14.30 p\u00e5 adressen: https:\/\/live .mediaserver.fi\/kolry\/80-vuotisjuhlakonsertti och KOL;s youtube kanal. Finns att se ca&nbsp;1 \u00e5r&nbsp;fram\u00f6ver.<\/p>\n\n\n\n<p><strong>HISTORIKEN 2025<\/strong><\/p>\n\n\n\n<p>Vi s\u00e4nder till dem som inte fick p\u00e5 sommartr\u00e4ffen historiken nu med i medlemsbrevet. Den som vill ha fler av dem s\u00e5 kontakta mej. Caj Grundstr\u00f6m<\/p>\n\n\n\n<p>Tarapottsv\u00e4gen 12 01150 S\u00f6derkulla e-mail grundstrom.caj@gmail.com<strong>&nbsp; &nbsp; &nbsp; &nbsp; &nbsp; &nbsp; &nbsp; &nbsp; &nbsp; &nbsp;&nbsp;<\/strong>tel +358400461458<strong>&nbsp; &nbsp;&nbsp;&nbsp;&nbsp;&nbsp;&nbsp;&nbsp;&nbsp;<\/strong><\/p>\n\n\n\n<p class=\"has-text-color has-link-color wp-elements-d451f93ff6acf1363ce6cb828c7f0138\" style=\"color:#e63c4d\"><strong>EN GOD JUL OCH ETT GOTT NYTT \u00c5R<\/strong>&nbsp;&nbsp;&nbsp;&nbsp;&nbsp;&nbsp;&nbsp;&nbsp;&nbsp;&nbsp;&nbsp;&nbsp;&nbsp;&nbsp;&nbsp;&nbsp;&nbsp;&nbsp;&nbsp;&nbsp;&nbsp;&nbsp;&nbsp;&nbsp;&nbsp; &nbsp; &nbsp; &nbsp; &nbsp; &nbsp; &nbsp; &nbsp;&nbsp;\u00f6nskar styrelsen<\/p>\n\n\n\n<p class=\"has-medium-pink-color has-text-color has-link-color wp-elements-36540c2ac428f4183e4ea7884fa9f73d\"><\/p>\n\n\n\n<p><br><strong>MEDLEMSBREV 3 \/ 25 Sibbo den 18 juni 2025<\/strong><\/p>\n\n\n\n<p><br>Hej alla krigs\u00e4nkebarn och \u00f6vriga medlemmar.<br>Sommar,sommar,sommar\u2026\u2026sjunger vi nu igen. Det skall bli en trevlig fest d\u00e5 vi firar v\u00e5r 20-\u00e5rs jubileum i Esbo den 12-14 september hoppas att s\u00e5 m\u00e5nga som m\u00f6jligt st\u00e4ller upp nu d\u00e5 vi har det p\u00e5 slutet av veckan s\u00e5 att ocks\u00e5 dom som \u00e4nnu jobbar kan vara med.<br><br> Vi kan av statens erbjudna medel erbjuda f\u00f6r 5 medlemmar rehabiliteringspr\u00f6vning i h\u00f6st i tv\u00e5 perioder helt gratis. Det \u00e4r KOL som har f\u00e5tt pengarna och samlat in erbjudan fr\u00e5n olika hotell runtom i Finland och H\u00e4rm\u00e4 SPA var den enda som kan erbjuda svensk talande personal. Anm\u00e4lningsblankett finns i detta brev om det blir fler en 5 anm\u00e4lningar s\u00e5 lottar vi ut platserna bland alla som anm\u00e4lt sig<br><br><br><br><br>. Jag gav en interjuv i Borg\u00e5bladet f\u00f6re de stupades<br>dag om v\u00e5r f\u00f6rening och 20-\u00e5rs jubileum s\u00e5 vi f\u00f6rs\u00f6ker f\u00e5 det med i brevet om det lyckas?? vid postningen.<br><br>Ha en god sommar<br>\u00f6nskar Caj<\/p>\n\n\n\n<p><br>DE STUPADES DAG<br>Vi uppvaktade vid c. 30 hj\u00e4ltegravar p\u00e5 samma s\u00e4tt som tidigare. Det har inkommit m\u00e5nga bilder fr\u00e5n uppvaktningarna tack f\u00f6r det.<br> I Borg\u00e5 blev det en \u00f6verraskning d\u00e5 ledaren f\u00f6r uppvaktningen<br>bad v\u00e5ra medlemmmar s\u00e4tta ner sin blombukett f\u00f6re utmarschen b\u00f6rjade.<br>GRAVSTENSM\u00c4RKET<br>Finns i lager och kostar 50\u20ac + porto. Kan best\u00e4llas fr\u00e5n kass\u00f6ren.<br>SOMMARTR\u00c4FFEN OCH 20-\u00c5RSJUBILEUM<br>Vi tr\u00e4fffas p\u00e5 Hotell SPA Korpilampi, Korpilammentie 5 02970 Esbo den 12- 14 september 2025.<br>Betalningen sker p\u00e5 tv\u00e5 olika s\u00e4tt:<br>F\u00f6rsta betalningen f\u00f6r anm\u00e4lning, mat och m\u00f6tesutrymmen samt dom som deltar p\u00e5 dagarna utan \u00f6vernattningar sker till Svenskfinlands krigs\u00e4nkebarns bankkonto FI11 4970 1820 0086 19, 120\u20ac per person ( sponsorerat pris). Bankgiro blankett finns p\u00e5 medlembladets sista sida. SISTA BETALNINGSDAG \u00c4R 22.08 2025.<br><br>Den andra betalningen sker till Korpilampi spa hotellet p\u00e5 ankomstdagen.<br>I dubbelrum 115 \u20ac \/ person<br>I enkelrum 190 \u20ac \/ person<br>ANM\u00c4LNINGARNA TAS EMOT AV:<br>Rainer Laurila tel. 040 732 8745 krigsankebarn@gmail.com<br>Lars H\u00f6glund tel.0505308140 lars.hoglund28@gmail.com<br>Om ni \u00f6nskar dela rum med n\u00e5gon s\u00e5 s\u00e4g till \u00e5t Rainer eller Lars<br>Allergi och specialmat kan best\u00e4llas p\u00e5 f\u00f6rhand n\u00e4r ni anm\u00e4ler er. S\u00e4g till om r\u00f6relse sv\u00e5righet.<br>Om det sker \u00e4ndringar s\u00e5 anm\u00e4l s\u00e5 fort som m\u00f6jligt till oss. S\u00e4g ocks\u00e5 var ni stiger p\u00e5 bussen.<br>TACK till fonder och stiftelser f\u00f6r att vi kan erbjuda GRATIS busstransporter till Esbo fr\u00e5n Nyland-<br>Helsingfors-samt alla orter i \u00d6sterbotten.<br>Lotterivinster tas emot med tacksamhet.<\/p>\n\n\n\n<p><br>PROGRAMET<br>12.09 fredag kl. 14.00 Bussarna anl\u00e4nder till Esbo<br>15.00 V\u00e4lkomsth\u00e4lsning och v\u00e4lkomstkaffe. Festsalen\/Kaffetorg<br>18.00 Middag Restaurant<br>19.00 Film &#8221; Hj\u00e4ltinnebarn&#8221; Festsalen<br>Efter filmen \u00e4r vi tillsammans och k\u00f6per lotter och sjunger med Marianne Cygnel.<br>13.09 l\u00f6rdag 07.00 Morgonfrukost Restaurant<br>10.00 Andakt med pastor Helena R\u00f6nnberg Festsalen<br>11.00 Festtal av Minister P\u00e4r Stenb\u00e4ck Festsalen<br>12.00 Lunch Restaurant<br>13.00 Musik o s\u00e5ng av Susanne Sontag+ork. Festsalen<br>15.00 Br\u00f6derna f\u00f6rfattarna West\u00f6 ber\u00e4ttar. Festsalen<br>17.30 Film (624 brev av min far) Festsalen<br>19.00 Middag Restaurant<br>20.00 Lottdragning Festsale<br>D\u00e4refter dans i retauranten som hotellet bjuder p\u00e5.<br>OBS. KAFFE \u00c4R TILLG\u00c4NGLIT HELA TIDEN UNDER ALLA DAGAR VID KAFFETORGET<br>14.09 s\u00f6ndag 07.00 Morgonfrukost Resturant<br>Vi l\u00e4mmnar rummet och betalar f\u00f6r det.<br>10.30 Avresan till Helsingfors Domkyrka Bussarna<br>11.30 Kaffebjudning i domkyrkans Krypta Kyrkogatan 18.<br>som Kaatuneitten Omaisten Liitto ry 80 \u00e5rs jubileum bjuder p\u00e5.<br>13.00 Konsert i domkyrkan med Gardes musikk\u00e5r och<br>solist sopran Mari Palo<br>Konferansier Jussi-Pekka Rantala<br>Kl\u00e4dsel: Festkl\u00e4dsel, m\u00f6rk kostym.<br>14.30 Hemresan b\u00f6rjar.<br>Om n\u00e5gon vill n\u00e4rvara i domkyrkan p\u00e5 KOL;s program s\u00e5 \u00e4r den f\u00f6ljande:<br>10.00 H\u00f6gm\u00e4ssa i Domkyrkan<br>Biskop Teemu Laajasalo (talar ocks\u00e5 lite p\u00e5 svenska)<br>\u00d6vrigt program enligt v\u00e5rt program<br>Republikens president anm\u00e4la att han inte deltar i v\u00e5rt program<\/p>\n\n\n\n<p>.<br>BUSSTIDTABELLER: Fredagen den 12 september 2025<br>5.45 Karleby Storgatan<br>6.05 Edsev\u00f6 Neste                                                                                                                     6.15 Jakobstad<\/p>\n\n\n\n<p> 6.35 Nykarleby<br>6.45 Ytterjeppo Rix 8<br>6.50 Munsala Rix 8<br>7.00 ABC Oravais<br>7.15 Klemetsg\u00e5rdarna<br>7.30 Kvevlaxbacken<br>7.40 Vallonia\/ Ellys torg hlp<br>7.50 Vasa Resecenter<br>8.15 P\u00f6rteborg<br>8.40 Strandhovet<br>9.00 ankomst till ABC L\u00e5lby och 30min. kaffepaus<br>9.30 Avf\u00e4rd fr\u00e5n ABC L\u00e5lby<br>12.15 Autokeidas Forssa 45 min. paus f\u00f6r chauff\u00f6ren<br>13.00 Avf\u00e4rd fr\u00e5n Autokeidas<br>14.00 Anl\u00e4nder till Esbo<br>Fr\u00e5n Nyland:<br>Borg\u00e5 turist h\u00e5llplats 12.00<br>Sibbovikens Neste 12.20<br>Kiasma hlp 12.45<br>Esbo 13.30<br>Fr\u00e5n v\u00e4stra nyland f\u00f6resl\u00e5r vi att ni kommer med t\u00e5g till Helsingfors och stiger p\u00e5 v\u00e5r buss vid<br>Kiasma h\u00e5llplats kl 12.45<br>Hj\u00e4rtligt v\u00e4lkommna med. Ha en sk\u00f6n sommar.<br>Styrelsen<\/p>\n\n\n\n<p>KRIGS\u00c4NKORNA OCH DE STUPADES ANH\u00d6RIGA R.F.<br>Krigs\u00e4nkorna och de stupades anh\u00f6riga r.f.<br>PB 600, 00521 HELSINGFORS<br>Gatuadress: Ratavartijagatan 2 A, 00520 HELSINGFORS<br>KRIGS\u00c4NKORNA OCH DE STUPADES ANH\u00d6RIGA R.F.<br>11.6.2025<br>Experiment med rehabilitering av krigs\u00e4nkebarn 2025<br>INFORMATIONSBREV<br>Hej krigs\u00e4nkebarn!<br>KOL ry har tilldelats 200 000 euro i statligt st\u00f6d f\u00f6r 2025. Bidraget kommer att anv\u00e4ndas f\u00f6r att<br>genomf\u00f6ra rehabiliteringsexperiment f\u00f6r krigs\u00e4nkebarn \u00f6ver hela landet. Du f\u00e5r detta brev<br>eftersom du tillh\u00f6r den lokala svenskspr\u00e5kiga f\u00f6reningen f\u00f6r krigs\u00e4nkebarn. KOL ry organiserar<br>totalt 11 rehabiliteringsf\u00f6rs\u00f6k runt om i Finland. Varje experiment inrymmer totalt 10<br>krigs\u00e4nkebarn, och din regions experiment inrymmer fem svensktalande krigs\u00e4nkebarn. F\u00f6rs\u00f6ket i<br>ditt omr\u00e5de kommer att omfatta tv\u00e5 (2) rehabiliteringsperioder p\u00e5 en rehabiliteringsenhet med ett<br>kontrollbes\u00f6k mellan perioderna.<br>Rehabiliteringsprovet i ditt omr\u00e5de kommer att h\u00e5llas:<br>Plats: H\u00e4rm\u00e4 Spa, Vasav\u00e4gen 22, 62375 YLIH\u00c4RM\u00c4<br>Datum: 1:a perioden 1.9.-3.9.2025 och 2:a perioden 3.11.-5.11.2025<br>Om du vill ans\u00f6ka om en rehabiliteringspr\u00f6vning, v\u00e4nligen fyll i den bifogade ans\u00f6kningsblanketten<br>noggrant i alla avseenden. Om du inte kan fylla i formul\u00e4ret sj\u00e4lv kan du kontakta din f\u00f6rening f\u00f6r<br>krigs\u00e4nkebarn, som hj\u00e4lper dig att fylla i formul\u00e4ret.<br>OBSERVERA f\u00f6ljande n\u00e4r du ans\u00f6ker om rehabiliteringspr\u00f6vning:<br>o I rehabiliteringsenheten m\u00e5ste du kunna r\u00f6ra dig sj\u00e4lvst\u00e4ndigt (med eller utan hj\u00e4lpmedel)<br>o Du m\u00e5ste f\u00f6rbinda dig till rehabiliteringspr\u00f6vningen under hela dess l\u00e4ngd (inklusive b\u00e5da<br>perioderna) i cirka 2 m\u00e5nader (om du blir sjuk m\u00e5ste du l\u00e4mna in ett l\u00e4karintyg)<br>o Rehabiliteringsstudien tar \u00e4ven upp fr\u00e5gor om psykiskt v\u00e4lbefinnande genom samtal som<br>leds av en professionell personal<br>o Boende sker i rum f\u00f6r 2 personer, du kan ocks\u00e5 \u00f6vernatta i samma rum med en finsktalande<br>krigs\u00e4nkebarn (om det finns s\u00e4rskilda sk\u00e4l f\u00f6r enkelrum m\u00e5ste deltagaren sj\u00e4lv betala<br>mellanskillnaden)<br>o Resekostnader ers\u00e4tts inte, men den som kommer till rehabiliteringspr\u00f6vningen betalar<br>sina egna resekostnader till rehabiliteringsplatsen och tillbaka hem<br>Svenskfinlands krigs\u00e4nkebarn rf v\u00e4ljer deltagare till rehabiliteringsstudien och meddelar de utvalda<br>personligen. V\u00e4nligen returnera den bifogade ans\u00f6kningsblanketten, ifylld, till din f\u00f6rening<br>senast den 8 augusti 2025.<br>F\u00f6r mer information om rehabiliteringsstudien, v\u00e4nligen kontakta:<br>Caj Grundstr\u00f6m, Tarapottsv\u00e4gen 12, 01150 S\u00f6derkulla<br>tel. 0400 461458, e-post: grundstrom.caj@gmail.com<br>ANS\u00d6KNINGSFORMUL\u00c4R TILL SVENSKFINLANDS KRIGS\u00c4NKEBARN.RF<br>REHABILITERINGSF\u00d6RS\u00d6K 2025, H\u00c4RM\u00c4 SPA<br>L\u00e4mna det ifyllda formul\u00e4ret till din f\u00f6rening.<br>Krigs\u00e4nkorna och de stupades anh\u00f6riga r.f.<br>PB 600, 00521 HELSINGFORS<br>Gatuadress: Ratavartijagatan 2 A, 00520 HELSINGFORS<br>GRUNDL\u00c4GGANDE<br>EFTERNAMN<br>F\u00d6RNAMN<br>F\u00d6DELSEDATUM<br>LOKAL ADRESS<br>POSTNUMMER<br>POSTKONTOR<br>TELEFONNUMMER<br>E-POST<br>PRESTANDA<br>BOSTAD \u25a1 JAG BOR HEMMA<br>\u25a1 JAG BOR I ETT SERVICEHUS ELLER MOTSVARANDE.<br>KOMMUNIKATION JAG KAN UTTRYCKA MIG SJ\u00c4LV VERBALT OCH SKRIVLIGT<br>\u25a1 JA \u25a1 NEJ<br>MIN H\u00d6RSEL \u00c4R:<br>\u25a1 NORMAL \u25a1 H\u00d6RSELSKADAD (INGEN H\u00d6RAPPARAT)<br>\u25a1 NEDSATT H\u00d6RSEL (HJ\u00c4LPMEDEL ANV\u00c4NDS)<br>R\u00d6RELSEF\u00d6RM\u00c5GA<br>\u25a1 NORMAL ELLER N\u00c4STAN NORMALT<br>\u25a1 N\u00c5GOT SV\u00c5RT<br>\u25a1 JAG BEH\u00d6VER HJ\u00c4LP FR\u00c5N EN ANNAN PERSON<br>HJ\u00c4LPMEDEL \u25a1 NEJ<br>\u25a1 JA, VAD?<strong><em><strong><em>______________________________________<\/em><\/strong><\/em><\/strong><br>DAGLIGA PERSONLIGA AKTIVITETER<br>HYGIEN<br>\u25a1 JAG KLARAR MEJ P\u00c5 EGEN HAND<br>\u25a1 JAG BEH\u00d6VER HJ\u00c4LP N\u00c5GON G\u00c5NG, VILKEN<br>SORT?<strong><em><strong><em>______<\/em><\/strong><\/em><\/strong><br>\u25a1 JAG BEH\u00d6VER ALLTID HJ\u00c4LP<br>P\u00c5KL\u00c4DNING \u25a1 JAG KLARAR MEJ P\u00c5 EGEN HAND<br>\u25a1 JAG BEH\u00d6VER HJ\u00c4LP N\u00c5GON G\u00c5NG, VAD?<strong><em><strong><em>______<\/em><\/strong><\/em><\/strong><br>\u25a1 JAG BEH\u00d6VER ALLTID HJ\u00c4LP<br>ANS\u00d6KNINGSFORMUL\u00c4R TILL SVENSKFINLANDS KRIGS\u00c4NKEBARN.RF<br>REHABILITERINGSF\u00d6RS\u00d6K 2025, H\u00c4RM\u00c4 SPA<br>L\u00e4mna det ifyllda formul\u00e4ret till din f\u00f6rening.<br>Krigs\u00e4nkorna och de stupades anh\u00f6riga r.f.<br>PB 600, 00521 HELSINGFORS<br>Gatuadress: Ratavartijagatan 2 A, 00520 HELSINGFORS<br>DAGLIGA HANDLINGAR OCH \u00d6VRIG VERSAMHET<br>HEM- OCH HUSH\u00c5LLSARBETE<br>Jag tv\u00e4ttar sj\u00e4lv. \u25a1 JA \u25a1 NEJ<br>Jag lagar maten sj\u00e4lv. \u25a1 JA \u25a1 NEJ<br>Jag st\u00e4dar sj\u00e4lv. \u25a1 JA \u25a1 NEJ<br>SOCIALA RELATIONER<br>Hur ofta tr\u00e4ffar jag andra m\u00e4nniskor? \u25a1 DAGLIGEN \u25a1 VARJE VECKA \u25a1 ALDRIG<br>AKTIVITETER<br>Hur klarar jag av aktiviteter utanf\u00f6r hemmet, som att g\u00e5 till aff\u00e4ren?<br>\u25a1 OBEROENDE<br>\u25a1 JAG BEH\u00d6VER HJ\u00c4LP IBLAND, VILKEN TYP AV HJ\u00c4LP?<strong><em><strong><em>____________________<\/em><\/strong><\/em><\/strong><br>\u25a1 JAG BEH\u00d6VER ALLTID EN ASSISTENT<br>\u25a1 JAG R\u00d6R MEJ INTE UTANF\u00d6R HEMMET<br>VILKA F\u00c4RDMEDEL ANV\u00c4NDER DU?<br>\u25a1 MED KOLLEKTIVTRAFIK<br>\u25a1 MED EGEN BIL ELLER ANNAT TRANSPORTMEDEL<br>\u25a1 MED TAXI (P\u00c5 EGEN BEKOSTNAD)<br>\u25a1 MED TRANSPORTTJ\u00c4NST (TJ\u00c4NST TILLHANDAH\u00c5LLS AV V\u00c4LBEFINNANDEOMR\u00c5DET)<br>\u25a1 JAG G\u00c5R<br>ANDRA TJ\u00c4NSTER F\u00d6R \u00c4LDRE<br>HEMV\u00c5RD<br>Jag har hemtj\u00e4nst. \u25a1 JA \u25a1 NEJ<br>V\u00c5RDARE<br>Jag arbetar som v\u00e5rdare. \u25a1 JA \u25a1 NEJ<br>BED\u00d6MNING AV \u00c4LDRES SERVICEBEHOV<br>Jag har f\u00e5tt en bed\u00f6mning av mina behov av \u00e4ldreomsorg fr\u00e5n mitt v\u00e4lf\u00e4rdsomr\u00e5de.<br>\u25a1 JA, N\u00c4R?<strong><em><strong><em>___________<\/em><\/strong><\/em><\/strong> \u25a1 NEJ<br>SENIOR TJ\u00c4NSTER<br>Jag har en klientrelation med \u00e4ldreomsorgen i mitt v\u00e4lf\u00e4rdsomr\u00e5de. \u25a1 JA \u25a1 NEJ<\/p>\n\n\n\n<p>ATT VARA KRIGS\u00c4NKEBARN<br>Ber\u00e4tta med dina egna ord hur det har p\u00e5verkat ditt liv att vara krigs\u00e4nkebarn. <\/p>\n\n\n\n<p>ATT VARA KRIGS\u00c4NKEBARN<br>Ber\u00e4tta med dina egna ord hur det har p\u00e5verkat ditt liv att vara krigs\u00e4nkebarn.<\/p>\n\n\n\n<p><br>TID OCH PLATS<\/p>\n\n\n\n<p><br>S\u00d6KANDENS UNDERSKRIFT OCH NAMN<\/p>\n\n\n\n<p><br>NAMN OCH KONTAKTUPPGIFTER F\u00d6R DEN PERSON SOM FYLLER I<br>ANS\u00d6KAN<\/p>\n\n\n<div class=\"wp-block-image\">\n<figure class=\"aligncenter size-full is-resized\"><img loading=\"lazy\" decoding=\"async\" width=\"591\" height=\"724\" src=\"https:\/\/www.svenskfinlandskrigsankebarn.multi.fi\/wp-content\/uploads\/2023\/08\/v\u00e5rt-emble.jpg\" alt=\"\" class=\"wp-image-1458\" style=\"width:247px;height:auto\" srcset=\"https:\/\/www.svenskfinlandskrigsankebarn.multi.fi\/wp-content\/uploads\/2023\/08\/v\u00e5rt-emble.jpg 591w, https:\/\/www.svenskfinlandskrigsankebarn.multi.fi\/wp-content\/uploads\/2023\/08\/v\u00e5rt-emble-245x300.jpg 245w\" sizes=\"auto, (max-width: 591px) 100vw, 591px\" \/><\/figure>\n<\/div>\n\n\n<figure class=\"wp-block-image size-large\"><img loading=\"lazy\" decoding=\"async\" width=\"1024\" height=\"829\" src=\"https:\/\/www.svenskfinlandskrigsankebarn.multi.fi\/wp-content\/uploads\/2025\/07\/image-2-1024x829.png\" alt=\"\" class=\"wp-image-1878\" srcset=\"https:\/\/www.svenskfinlandskrigsankebarn.multi.fi\/wp-content\/uploads\/2025\/07\/image-2-1024x829.png 1024w, https:\/\/www.svenskfinlandskrigsankebarn.multi.fi\/wp-content\/uploads\/2025\/07\/image-2-300x243.png 300w, https:\/\/www.svenskfinlandskrigsankebarn.multi.fi\/wp-content\/uploads\/2025\/07\/image-2-768x622.png 768w, https:\/\/www.svenskfinlandskrigsankebarn.multi.fi\/wp-content\/uploads\/2025\/07\/image-2.png 1074w\" sizes=\"auto, (max-width: 1024px) 100vw, 1024px\" \/><\/figure>\n\n\n\n<figure class=\"wp-block-image size-full\"><img loading=\"lazy\" decoding=\"async\" width=\"1004\" height=\"1010\" src=\"https:\/\/www.svenskfinlandskrigsankebarn.multi.fi\/wp-content\/uploads\/2025\/07\/image-3.png\" alt=\"\" class=\"wp-image-1879\" srcset=\"https:\/\/www.svenskfinlandskrigsankebarn.multi.fi\/wp-content\/uploads\/2025\/07\/image-3.png 1004w, https:\/\/www.svenskfinlandskrigsankebarn.multi.fi\/wp-content\/uploads\/2025\/07\/image-3-298x300.png 298w, https:\/\/www.svenskfinlandskrigsankebarn.multi.fi\/wp-content\/uploads\/2025\/07\/image-3-150x150.png 150w, https:\/\/www.svenskfinlandskrigsankebarn.multi.fi\/wp-content\/uploads\/2025\/07\/image-3-768x773.png 768w\" sizes=\"auto, (max-width: 1004px) 100vw, 1004px\" \/><\/figure>\n\n\n\n<figure class=\"wp-block-image size-full\"><img loading=\"lazy\" decoding=\"async\" width=\"603\" height=\"812\" src=\"https:\/\/www.svenskfinlandskrigsankebarn.multi.fi\/wp-content\/uploads\/2025\/07\/image-4.png\" alt=\"\" class=\"wp-image-1880\" srcset=\"https:\/\/www.svenskfinlandskrigsankebarn.multi.fi\/wp-content\/uploads\/2025\/07\/image-4.png 603w, https:\/\/www.svenskfinlandskrigsankebarn.multi.fi\/wp-content\/uploads\/2025\/07\/image-4-223x300.png 223w\" sizes=\"auto, (max-width: 603px) 100vw, 603px\" \/><\/figure>\n\n\n<div class=\"wp-block-image\">\n<figure class=\"aligncenter size-large is-resized\"><img decoding=\"async\" src=\"https:\/\/www.svenskfinlandskrigsankebarn.multi.fi\/wp-content\/uploads\/2025\/07\/image-8-501x1024.png\" alt=\"\" class=\"wp-image-1884\" style=\"width:690px;height:auto\"\/><\/figure>\n<\/div>\n\n\n<p><a href=\"https:\/\/www.svenskfinlandskrigsankebarn.multi.fi\/?page_id=374\" target=\"_blank\" rel=\"noreferrer noopener\"><\/a><\/p>\n\n\n\n<p>&nbsp;&nbsp;<\/p>\n\n\n<div class=\"wp-block-image\">\n<figure class=\"aligncenter size-full is-resized\"><img loading=\"lazy\" decoding=\"async\" width=\"591\" height=\"724\" src=\"https:\/\/www.svenskfinlandskrigsankebarn.multi.fi\/wp-content\/uploads\/2023\/08\/v\u00e5rt-emble.jpg\" alt=\"\" class=\"wp-image-1458\" style=\"width:91px;height:auto\" srcset=\"https:\/\/www.svenskfinlandskrigsankebarn.multi.fi\/wp-content\/uploads\/2023\/08\/v\u00e5rt-emble.jpg 591w, https:\/\/www.svenskfinlandskrigsankebarn.multi.fi\/wp-content\/uploads\/2023\/08\/v\u00e5rt-emble-245x300.jpg 245w\" sizes=\"auto, (max-width: 591px) 100vw, 591px\" \/><\/figure>\n<\/div>\n\n\n<p class=\"has-text-align-left\"><strong>MEDLEMSBREV 2 \/25 Sibbo den 26 mars 2025<\/strong><br>B\u00e4sta krigs\u00e4nkebarn och alla medlemmar.<br>N\u00e5 igen har ett \u00e5r f\u00f6rflutit sedan v\u00e5r f\u00f6rening hade sitt \u00e5rsm\u00f6te i Vasa. M\u00e5nga aktiviteter har<br>utf\u00f6rts under \u00e5ret och ett tack till alla som varit med.<br>\u00c5rsm\u00f6tet i Vasa gjorde m\u00e5nga beslut igen. Vi uts\u00e5g 6 medlemmar till hedersmedlemmar som varit<br>styrelsemedlemmar i f\u00f6reningen fr\u00e5n begynnelsen, styrelsen \u00f6nskade tacka dem f\u00f6r ett gott<br>arbete och hedra dem f\u00f6r det, nu n\u00e4r f\u00f6reningen fyller 20 \u00e5r.Det \u00e4r f\u00f6ljande personer Rose-Maj<br>Fr\u00f6man, Ulla Nordstr\u00f6m, Siv Tarvos, B\u00f6rje Anderson, \u00c5ke Dunder och Sig- Britt Levon ett stort<br>TACK till dem. Dessutom minskades styrelsemedlems antal till 5 + 1 person p.g.a att igen var villig<br>att st\u00e4lla upp och m\u00f6tet godk\u00e4nnde det.<br>P\u00e5 v\u00e5r hemsidan kan man nu se v\u00e5ra filmer som Barbro Bj\u00f6kfelt gjorde om oss, det \u00e4r tack vare<br>Rainers energi som vi f\u00e5tt in dem p\u00e5 sidan.Filmerna Hj\u00e4ltinnebarn och 624 brev av min far.<br>Adressen \u00e4r http:\/www.svenskfinlandskrigs\u00e4nkebarn.multi.fi\/ och sedan v\u00e5r hemsida\/ dokument.<br>20 \u00e5rsjubileum och sommartr\u00e4ffen sker den 12-14 september i Esbo p\u00e5 Korpilampi hotell anteckna<br>datum i minnet och kom med.<br>Historiken har vind i seglet och kommer att distribueras p\u00e5 v\u00e5r sommartr\u00e4ff och med<br>medlemsbrevet 4\/25.<\/p>\n\n\n\n<p>Ha det bra i v\u00e5rv\u00e4dret \u00f6nskar.<br>Caj<\/p>\n\n\n\n<p>STYRELSEN F\u00d6R \u00c5R 2025<br>Caj Grundstr\u00f6m Ordf\u00f6rande grundstrom.caj@gmail.com<br>\u00c5ke Dunder Viceordf\u00f6rande ake.dunder@gmail.com<br>B\u00f6rje Anderson Protokollf\u00f6rare branders1720@gmail.com<br>Rainer Laurila Kass\u00f6r krigsankebarn@gmail.com<br>Lars H\u00f6glund Medlem lars.hoglund28@gmail.com<br>Ann-Sofi R\u00f6j-Lindberg Medlem aroj@abo.fi<\/p>\n\n\n\n<p>MEDLEMSAVGIFTEN<br>Medlemsavgiften h\u00f6jdes till 30\u20ac.<br>Det kommer ett bankgiro med i detta brev. Anv\u00e4nd alltid referensnumret som \u00e4r angivet p\u00e5 girot.<br>V\u00e5rt bankkonto \u00e4r FI11 4970 1820 0086 19<\/p>\n\n\n\n<p>DE STUPADES DAG<br>Vi skall uppvakta p\u00e5 s\u00e5 m\u00e5nga hj\u00e4ltegravar som m\u00f6jligt. Kontakta ocks\u00e5 andra medlemmar och ta<br>dom med. P\u00e5 \u00e5rsm\u00f6tet framf\u00f6rdes ett \u00f6nskem\u00e5l att vi skall uppdatera v\u00e5ra hj\u00e4ltegravar s\u00e5 var<br>v\u00e4nlig och tag ett foto fr\u00e5n den ni bes\u00f6ker och skicka den till e-mail grundstrom.caj@gmail.com<br>eller per post Tarapottsv\u00e4gen 12 01150 S\u00f6derkulla.<br>Blombuketten f\u00e5r kosta totalt 40\u20ac, inklusive kort\/band + m\u00f6jliga faktureringskostnader!<br>Det b\u00e4sta s\u00e4ttet \u00e4r att blomsterhandlarna fakturerar till f\u00f6reningens kass\u00f6r, p\u00e5 fakturan skall<br>n\u00e4mnas till vilken hj\u00e4ltegravplats buketten \u00e4r nedsatt.<br>Det g\u00e5r ocks\u00e5 p\u00e5 s\u00e5 s\u00e4tt att man betalar sj\u00e4lv och s\u00e4nder kvittansen med uppgiften om var<br>uppvaktningen har gjorts, samt ditt konto nummer till kass\u00f6ren. Anv\u00e4nd E-posten om m\u00f6jligt,<br>snigelposten har blivit os\u00e4ker,breven kommer i bland m\u00e5nga veckor sena om dom kommer alls.<br>P\u00e5 kortet eller bandet skall f\u00f6ljande text finnas:<br>VI HEDRAR MINNET AV V\u00c5RA STUPADE PAPPOR. SVENSKFINLANDS KRIGS\u00c4NKEBARN R.F.<br>Kass\u00f6rens E-postadress \u00e4r krigsankebarn@gmail.com Postadressen: Svenskfinlandskrigs\u00e4nkebarn<br>r.f c\/o Rainer Laurila. Aspdungev\u00e4gen 25 06650 Hammars<\/p>\n\n\n\n<p>SOMMARTR\u00c4FFEN<br>H\u00e5lles den 12- 14 september i Korpilampi hotell Korpilammentie 5 02970 Esbo. Prisen f\u00f6r dubbel<br>rum \u00e4r ca 272 \u20ac och i enkelrum ca 347\u20ac . F\u00f6r dom som inte bor p\u00e5 hotellet 157 \u20ac.och f\u00f6r dom som<br>den 13.9 vill stanna en natt \u00e4r priset enkelrum 214\u20ac och i dubbel 176,50\u20ac. F\u00f6r dem som kommer<br>endast l\u00f6rdag 13.09 utan rum \u00e4r priset 91\u20ac. Kostnaderna \u00e4r ca priser f\u00f6r vi har s\u00f6kt bidrag fr\u00e5n<br>olika fonder och stiftelser. Slutliga priser kommer i medlemsbrev 3 \/ 25<\/p>\n\n\n\n<p>PROGAMMET<br>Fredag 12.09 kl 14.00 V\u00e4lkomst kaffe Festsalen\/ kaffetorg<\/p>\n\n\n\n<p>V\u00e4lkomst tal och information Festsalen<br>16.00 Traditionsf\u00f6rbundet Ekl\u00f6ven info Festsalen<br>18.00 Middag Restaurant<br>19.30 Film &#8221;Hj\u00e4ltinnebarn&#8221; Festsalen<br>Vi \u00e4r tillsammans och k\u00f6per lotter. Festsalen<br>Kanske vi sjunger med Ma orkestern.<\/p>\n\n\n\n<p>L\u00f6rdag 13.9 kl 07.00 Morgonm\u00e5l Restaurant<br>10.00 Andakt med pastor Helena R\u00f6nnberg Festsalen<br>11.00 Festtal av minister Per Stenb\u00e4ck Festsalen<br>12.00 Lunch Restaurant<br>13.00 Musik o s\u00e5ng av Susanne Sontag+ ork Festsalen<br>15.00 Br\u00f6derna f\u00f6rfattarna West\u00f6 ber\u00e4ttar Festsalen<br>17.30 Film &#8221;624 brev av min far&#8221; Festsalen<br>19.00 Middag Restaurant<br>20.00 Lotteridragning Festsalen<br>D\u00e4refter dans i restaurangen som hotellet bjuder p\u00e5.<br>S\u00f6ndag 14.9 kl 07.00 Morgonm\u00e5l Restaurant<\/p>\n\n\n\n<p>Vi l\u00e4mmnar rummet och betalar f\u00f6r det.<br>kl 10.30 Avresan till Helsingfors domkyrka,<br>kl 11.30 Kaffebjudning i domkyrkans kryptan, Kyrkogatan 18, som<br>Kaatuneitten Omaisten Liitto ry 80 \u00e5rs jubileum bjuder p\u00e5.<\/p>\n\n\n\n<p>kl 13.00 Konsert i domkyrkan med Gardets musikk\u00e5r och<\/p>\n\n\n\n<p>solist sopran Mari Palo<br>Konferansier Jussi -Pekka Rantala.<br>Kl\u00e4dsel: Festkl\u00e4dsel, m\u00f6rk kostym.<\/p>\n\n\n\n<p>kl 14.30 Hemresan b\u00f6rjar.<\/p>\n\n\n\n<p>Om n\u00e5gon vill n\u00e4rvara i domkyrkan p\u00e5 KOL;s program s\u00e5 \u00e4r den f\u00f6ljande:<\/p>\n\n\n\n<p>kl 10.00 H\u00f6gm\u00e4ssa i Domkyrkan<\/p>\n\n\n\n<p>Biskop Teemu Laajasalo ( talar ocks\u00e5 lite p\u00e5 svenska)<br>\u00d6vrigt program enligt v\u00e5rt program.<\/p>\n\n\n\n<p>Republikens president Alexander Stubb \u00e4r ocks\u00e5 inbjuden till Korpilampi p\u00e5 v\u00e5r fest s\u00e5 om han<br>kommer, blir det lite \u00e4ndrig i programmet.<br>Om det sker n\u00e5gra \u00e4ndringar s\u00e5 meddelas det i n\u00e4sta medlemsbrev 3\/25 samt inbetalningar till<br>tr\u00e4ffen \u00e4ven busstidtabellens turlista kommer med, vi r\u00e4knar med att bussresan \u00e4r gratis f\u00f6r alla.<br>Buss fr\u00e5n \u00d6sterbotten och Nyland.<\/p>\n\n\n\n<p>B\u00d6RJES REFERAT FR\u00c5N LOKALTR\u00c4FFEN \u2013 KOL 13.2.2025<br>En lokaltr\u00e4ff p\u00e5 Vallonia av det ovanligare slaget. Programmet hade uppgjorts av Caj Grundstr\u00f6m<br>tillsammans med KOL:s representant Laura Teittinen. Programmet var statsfinansierat via STEA. En<br>avgift p\u00e5 10 euro\/deltagare uppbars.<br>Programpunkter som presenterades:<\/p>\n\n\n\n<ul class=\"wp-block-list\">\n<li>Lunch<\/li>\n\n\n\n<li>Projektinfo med v\u00e4ndags\u00f6verraskning<\/li>\n\n\n\n<li>Kaffe<\/li>\n\n\n\n<li>Simning eller diskussion i sm\u00e5 grupper<\/li>\n\n\n\n<li>Feedback<br>Tid : 12 \u2013 16.30<br>Laura var naturligtvis finskspr\u00e5kig. Hon bj\u00f6d till att tala svenska. Hon var positiv, glad och trevlig s\u00e5<br>d\u00e4rf\u00f6r kunde man ha \u00f6verseende med hennes svenska.<br>Ingen anv\u00e4nde sig av m\u00f6jligheten att g\u00e5 och simma i den ny\u00f6ppnade simbass\u00e4ngen.<br>Projekten har p\u00e5g\u00e5tt \u00e5r 2024 samt \u00e4nnu 2025. Alla projekt gick ut p\u00e5 att bryta den ensamhet som<br>m\u00e5nga av krigs\u00e4nkebarnen kan k\u00e4nna.<br>Ett projekt kallade hon \u201dV\u00e4lbefinnande dagar\u201d. Det var det vi fick vara med om.<br>Ett annat projekt kallade hon: \u201dSm\u00e5 grupper\u201d. En liten grupp kunde samlas varannan vecka och<br>diskutera valfritt \u00e4mne.<br>Ett tredje projekt kallade hon: \u201dKaffekassen\u201d. D.v.s. du tar kaffe och dobb med dig f\u00f6r att g\u00e5 och<br>bes\u00f6ka ett krigs\u00e4nkebarn hemma eller p\u00e5 ett \u00e4ldreboende.<br>Den mest givande programpunkten var n\u00e4r vi, i sm\u00e5 grupper, fick sitta och diskutera: \u201dMitt liv som<br>krigs\u00e4nkebarn\u201d. F\u00f6r min personliga del kan jag s\u00e4ga att vi under f\u00f6reningens 20-\u00e5riga historia f\u00e5tt<br>diskutera den fr\u00e5gan m\u00e5nga g\u00e5nger ur olika synvinklar. Vi har f\u00e5tt prata och gr\u00e5ta. Nu pl\u00f6tsligt fick<br>humorn ocks\u00e5 komma med. En i gruppen sade: \u201dEftersom ett gott skratt f\u00f6rl\u00e4nger livet har vi nu<br>f\u00f6rl\u00e4ngt livet med minst en vecka\u201d.<br>V\u00e4ndags\u00f6verraskningen var att tillverka ett v\u00e4ndagskort. Trevligt och avkopplande. Laura hade<br>med sig tillverkningsmaterial och verktyg.<br>Vi borde ha varit 20 deltagare f\u00f6r att kursen skulle bli av. Tyv\u00e4rr blev vi bara 13.<br>Vill man ha kontakt med Laura sker det l\u00e4mpligast via Caj.<\/li>\n<\/ul>\n\n\n\n<p>Lokaltr\u00e4ff Wallonia<\/p>\n\n\n\n<div class=\"wp-block-group\"><div class=\"wp-block-group__inner-container is-layout-constrained wp-block-group-is-layout-constrained\">\n<div class=\"wp-block-columns is-layout-flex wp-container-core-columns-is-layout-9d6595d7 wp-block-columns-is-layout-flex\">\n<div class=\"wp-block-column is-layout-flow wp-block-column-is-layout-flow\" style=\"flex-basis:100%\">\n<figure class=\"wp-block-image size-large\"><img loading=\"lazy\" decoding=\"async\" width=\"1024\" height=\"592\" src=\"https:\/\/www.svenskfinlandskrigsankebarn.multi.fi\/wp-content\/uploads\/2025\/02\/Lokaltraffen-Vallonia-13.2.2025-Foto-Laura-Teittinen-1024x592.jpg\" alt=\"\" class=\"wp-image-1782\" srcset=\"https:\/\/www.svenskfinlandskrigsankebarn.multi.fi\/wp-content\/uploads\/2025\/02\/Lokaltraffen-Vallonia-13.2.2025-Foto-Laura-Teittinen-1024x592.jpg 1024w, https:\/\/www.svenskfinlandskrigsankebarn.multi.fi\/wp-content\/uploads\/2025\/02\/Lokaltraffen-Vallonia-13.2.2025-Foto-Laura-Teittinen-300x173.jpg 300w, https:\/\/www.svenskfinlandskrigsankebarn.multi.fi\/wp-content\/uploads\/2025\/02\/Lokaltraffen-Vallonia-13.2.2025-Foto-Laura-Teittinen-768x444.jpg 768w, https:\/\/www.svenskfinlandskrigsankebarn.multi.fi\/wp-content\/uploads\/2025\/02\/Lokaltraffen-Vallonia-13.2.2025-Foto-Laura-Teittinen.jpg 1245w\" sizes=\"auto, (max-width: 1024px) 100vw, 1024px\" \/><figcaption class=\"wp-element-caption\">Deltagarna P\u00e5 Vallonia lokaltr\u00e4ffen 13.2.2025\nFoto Laura Teittinen<\/figcaption><\/figure>\n<\/div>\n<\/div>\n<\/div><\/div>\n\n\n\n\n\n<div class=\"wp-block-media-text is-stacked-on-mobile\" style=\"grid-template-columns:85% auto\"><figure class=\"wp-block-media-text__media\"><img loading=\"lazy\" decoding=\"async\" width=\"725\" height=\"1024\" src=\"https:\/\/www.svenskfinlandskrigsankebarn.multi.fi\/wp-content\/uploads\/2025\/02\/Medlemsbrev-1-25-725x1024.jpg\" alt=\"\" class=\"wp-image-1768 size-full\" srcset=\"https:\/\/www.svenskfinlandskrigsankebarn.multi.fi\/wp-content\/uploads\/2025\/02\/Medlemsbrev-1-25-725x1024.jpg 725w, https:\/\/www.svenskfinlandskrigsankebarn.multi.fi\/wp-content\/uploads\/2025\/02\/Medlemsbrev-1-25-212x300.jpg 212w, https:\/\/www.svenskfinlandskrigsankebarn.multi.fi\/wp-content\/uploads\/2025\/02\/Medlemsbrev-1-25-768x1085.jpg 768w, https:\/\/www.svenskfinlandskrigsankebarn.multi.fi\/wp-content\/uploads\/2025\/02\/Medlemsbrev-1-25-1087x1536.jpg 1087w, https:\/\/www.svenskfinlandskrigsankebarn.multi.fi\/wp-content\/uploads\/2025\/02\/Medlemsbrev-1-25-1449x2048.jpg 1449w, https:\/\/www.svenskfinlandskrigsankebarn.multi.fi\/wp-content\/uploads\/2025\/02\/Medlemsbrev-1-25-scaled.jpg 1812w\" sizes=\"auto, (max-width: 725px) 100vw, 725px\" \/><\/figure><div class=\"wp-block-media-text__content\">\n<p><\/p>\n<\/div><\/div>\n\n\n\n<p><\/p>\n\n\n\n<p>Lokaltr\u00e4ffar och \u00e5rsm\u00f6te, se sida<strong> Aktuellt<\/strong><\/p>\n\n\n\n<figure class=\"wp-block-image size-full\"><img loading=\"lazy\" decoding=\"async\" width=\"496\" height=\"548\" src=\"https:\/\/www.svenskfinlandskrigsankebarn.multi.fi\/wp-content\/uploads\/2025\/02\/Bild1.png\" alt=\"\" class=\"wp-image-1779\" srcset=\"https:\/\/www.svenskfinlandskrigsankebarn.multi.fi\/wp-content\/uploads\/2025\/02\/Bild1.png 496w, https:\/\/www.svenskfinlandskrigsankebarn.multi.fi\/wp-content\/uploads\/2025\/02\/Bild1-272x300.png 272w\" sizes=\"auto, (max-width: 496px) 100vw, 496px\" \/><\/figure>\n\n\n\n<figure class=\"wp-block-image size-full\"><img loading=\"lazy\" decoding=\"async\" width=\"697\" height=\"485\" src=\"https:\/\/www.svenskfinlandskrigsankebarn.multi.fi\/wp-content\/uploads\/2025\/02\/Bild2.png\" alt=\"\" class=\"wp-image-1780\" srcset=\"https:\/\/www.svenskfinlandskrigsankebarn.multi.fi\/wp-content\/uploads\/2025\/02\/Bild2.png 697w, https:\/\/www.svenskfinlandskrigsankebarn.multi.fi\/wp-content\/uploads\/2025\/02\/Bild2-300x209.png 300w\" sizes=\"auto, (max-width: 697px) 100vw, 697px\" \/><\/figure>\n\n\n\n<figure class=\"wp-block-image\"><img loading=\"lazy\" decoding=\"async\" width=\"725\" height=\"1024\" src=\"https:\/\/www.svenskfinlandskrigsankebarn.multi.fi\/wp-content\/uploads\/2024\/06\/Asiakirja_2024-06-26_193541-725x1024.jpg\" alt=\"\" class=\"wp-image-1665\" srcset=\"https:\/\/www.svenskfinlandskrigsankebarn.multi.fi\/wp-content\/uploads\/2024\/06\/Asiakirja_2024-06-26_193541-725x1024.jpg 725w, https:\/\/www.svenskfinlandskrigsankebarn.multi.fi\/wp-content\/uploads\/2024\/06\/Asiakirja_2024-06-26_193541-212x300.jpg 212w, https:\/\/www.svenskfinlandskrigsankebarn.multi.fi\/wp-content\/uploads\/2024\/06\/Asiakirja_2024-06-26_193541-768x1085.jpg 768w\" sizes=\"auto, (max-width: 725px) 100vw, 725px\" \/><\/figure>\n\n\n\n<p>\n\nMEDLEMSBREV 2 \/24\n\n<\/p>\n\n\n\n\n\n<p>                       Sibbo den 26 mars 2024<\/p>\n\n\n\n<p> B\u00e4sta krigs\u00e4nkebarn och alla medlemmar Oj vad det har h\u00e4nt mycket nu i v\u00e5r f\u00f6rening. Vi har haft lokaltr\u00e4ffar, styrelsem\u00f6te, \u00e5rsm\u00f6te och sedan blev \u00f6vers\u00e4ttningen av v\u00e5r egen psalm f\u00e4rdig. \u00c5rsm\u00f6tet i Vasa b\u00f6rjade med s\u00e5nglektion av musikl\u00e4raren Petter Eklund f\u00f6r att vi skulle kunna sjunga v\u00e5r egen psalm och det gjorde vi. Det var som i folkskolan f\u00f6rr p\u00e5 s\u00e5ngtimmen. M\u00f6tet var v\u00e4l bes\u00f6kt av 32 medlemmar men det blev ingen \u00e4ndring i styrelsen. Kass\u00f6ren Rainer och undertecknad bes\u00f6kte biskopen i Borg\u00e5 som tog v\u00e4l emot oss och lovade f\u00f6ra fram v\u00e5ra \u00f6nskem\u00e5l till f\u00f6rsamlingarna. Biskopen var mycket intresserad av v\u00e5r f\u00f6rening och gjorde m\u00e5nga fr\u00e5gor till oss. Han tackade oss f\u00f6r v\u00e5rt arbete f\u00f6r krigs\u00e4nkebarnen. F\u00f6r f\u00f6rsta g\u00e5ng kan vi erbjuda underst\u00f6d till enskilda medlemmar l\u00e4s mer i brevet. Anteckna datumen f\u00f6r sommartr\u00e4ffen i \u00c5bo den 20-22 augusti 2024. Ha det bra i v\u00e5rv\u00e4dret<\/p>\n\n\n\n<p> \u00f6nskar. Caj <\/p>\n\n\n\n<p> STYRELSEN F\u00d6R \u00c5R 2024<\/p>\n\n\n\n<p> Caj Grundstr\u00f6m          Ordf\u00f6rande                grundstrom.caj@gmail.com                        \u00c5ke Dunder                  Viceorf\u00f6rande           ake.dunder@gmail.com                               B\u00f6rje Anderson            Protokollf\u00f6rare         branders1720@gmail.com Rainer Laurila              Kass\u00f6r                         krigsankebarn@gmail.com                                      Lars H\u00f6glund                Medlem                    lars.hoglund28@gmail.com<\/p>\n\n\n\n<p>Ingegerd Str\u00f6m-Gardberg Medlem ingegerd.strom.gardberg@gmail.com Jan-Erik Nyblom        Medlem                      tom_nyblom@hotmail.comPer-Erik Ede                      Medlem                       per-erik.ede@multi.fi Ann-Sofi R\u00f6j-Lindberg              Medlem                       aroj@abo.fi <\/p>\n\n\n\n<p>MEDLEMSAVGIFTEN <\/p>\n\n\n\n<p>Medlemsavgiften \u00e4r som tidigare 20\u20ac. Det kommer ett bankgiro med i detta brev. OBS f\u00f6rutom till ett 10-tal som redan betalt 2ggr. Anv\u00e4nd alltid referensnumret som \u00e4r angivet p\u00e5 girot. V\u00e5rt bankkonto \u00e4r        FI11 4970 1820 0086 19 <\/p>\n\n\n\n<p>DE STUPADES DAG <\/p>\n\n\n\n<p>Vi skall uppvakta p\u00e5 alla hj\u00e4ltegravar som tidigare \u00e4ven nya platser kan komma med. Kom \u00f6verens med dom som tidigare har st\u00e4llt upp och f\u00f6rs\u00f6k f\u00e5 nya personer med. Blombuketten f\u00e5r kosta totalt 40 \u20ac och f\u00f6rses med texten:<\/p>\n\n\n\n<p> VI HEDRAR MINNET AV V\u00c5RA STUPADE PAPPOR. SVENSKFINLANDS KRIGS\u00c4NKEBARN R.F.<\/p>\n\n\n\n<p> Helst s\u00e5 att blombutiken s\u00e4nder fakturan till: Kass\u00f6r Rainer Laurilas adress \u00e4r : Aspdungev\u00e4gen 25 06650 Hammars eller: krigsankebarn@gmail.com<\/p>\n\n\n\n<p> SOMMARTR\u00c4FFEN<\/p>\n\n\n\n<p> H\u00e5lles den 20-22 augusti 2024 p\u00e5 Runsala spa Runsala parkv\u00e4gen 640, 20100 \u00c5bo . Prisen f\u00f6r dubbel rum \u00e4r ca 200 \u20ac och i enkelrum ca 300\u20ac . F\u00f6r dom som inte bor p\u00e5 hotellet 100 \u20ac. Kostnaderna \u00e4r ca priser f\u00f6r vi har s\u00f6kt bidrag fr\u00e5n olika fonder och stiftelser. Programmet och slutliga priser kommer i medlemsbrev 3 \/ 24<\/p>\n\n\n\n<p> ST\u00d6D F\u00d6R KRIGS\u00c4NKEBARN SOM HAR DET EKONOMISKT SV\u00c5RT. <\/p>\n\n\n\n<p>V\u00e5ra medlemmar kan ans\u00f6ka fr\u00e5n Helsingfors bostad och underst\u00f6dsstiftelse via Kaatuneitten Omaisten Liitto ry om bidrag ifall man \u00e4r i ekonomiska sv\u00e5righeter f\u00f6r t.ex med f\u00f6r stora l\u00e4kemedels, tandl\u00e4karkostnader eller glas\u00f6gonr\u00e4kningar. Skicka in en ans\u00f6kan och skriv en f\u00f6rklaring till ert behov i fri form. Skicka in ans\u00f6kan p\u00e5 svenska f\u00f6re den 18 april 2024 med f\u00f6ljande uppgifter:<\/p>\n\n\n\n<p> Namn<\/p>\n\n\n\n<p> Bank kontonummer<\/p>\n\n\n\n<p> F\u00f6rklaring varf\u00f6r ni beh\u00f6ver detta bidrag Skicka ans\u00f6kan till : Kaatuneitten Omaisten Liitto ry <\/p>\n\n\n\n<p>Niina Harjulehto <\/p>\n\n\n\n<p>PL 600 00521 Helsinki<\/p>\n\n\n\n<p> GRAVSTENSM\u00c4RKET<\/p>\n\n\n\n<p> Finns hos kass\u00f6ren Rainer Laurila och kostar 50\u20ac + porto.<\/p>\n\n\n\n<p> HEMSIDAN<\/p>\n\n\n\n<p> Skicka material eller texter till Rainer Laurila: krigsankebarn@gmail.com eller Ingegerd Str\u00f6mGardberg. ingegerd.strom.gardberg@gmail.com <\/p>\n\n\n\n<p>PSALMEN TILL KRIGS\u00c4NKEBARNEN<\/p>\n\n\n\n<p> Vi bes\u00f6kte biskopen den 26 mars och \u00f6verl\u00e4mnade orden till v\u00e5r psalm. S\u00e5 h\u00e4r framf\u00f6rde vi \u00f6nskan till honom. Han lovade s\u00e4nda oss texten som skickas ut till f\u00f6rsamlingarna i svensk Finland efter p\u00e5sk s\u00e5 fors\u00e4ttning i n\u00e4sta nummer.  rade biskop Bo &#8211; G\u00f6ran \u00c5strand. Svenskfinlands krigs\u00e4nkebarn r.f har \u00f6versatt den finska psalmen Sotaorpojen virsi 378 till svenska och \u00f6nskar att med biskopens hj\u00e4lp f\u00e5 att domkapitlet skulle distribuera texten till alla svenska f\u00f6rsamlingar i Finland. Vi \u00f6nskar och f\u00f6resl\u00e5r att psalmen skulle sjungas p\u00e5 de stupades dag i kyrkorna, \u00e4ven att den skulle f\u00e5 plats i psalmboken. Texten som \u00e4r skriven p\u00e5 finska av Anna &#8211; Mari Kaskinen 2012 och \u00f6versatt till svenska av f\u00f6rfattaren Catharina \u00d6stman i Vasa. Vi har f\u00e5tt lov till att g\u00f6ra \u00f6vers\u00e4ttningen av Anna -Mari Kaskinen som ocks\u00e5 godk\u00e4nt den.Texten i psalmen \u00e4r skriven exakt med ord som vi k\u00e4nner och upplever precis idag. Kaplan Helena R\u00f6nnberg talade varmt p\u00e5 de stupades dag i Sibbo 2023 p\u00e5 hj\u00e4ltegraven om krigs\u00e4nkebarnen och n\u00e4mnde om denna psalm som hon hade \u00f6versatt n\u00e5gra rader som gjorde att jag tyckte att den b\u00f6r \u00f6vers\u00e4ttas \u00e5t oss f\u00f6r vi har ingen egen psalm och h\u00e4r finns den nu som vi f\u00e5r sjunga p\u00e5 v\u00e5ra tillf\u00e4llen. Vi har f\u00e5tt den uppfattning att det s\u00e4llan p\u00e5 de stupades dag talas till oss man har liksom gl\u00f6mt bort att det \u00e4r v\u00e5ra pappor som ligger d\u00e4r fast vi krigs\u00e4nkebarn \u00e4r dom n\u00e4rmaste, men det finns vissa orter d\u00e4r vi f\u00e5r s\u00e4tta ner v\u00e5r blomsterhyllning till f\u00f6rst. Idag blir vi p\u00e5minna om det som vi har upplevt hela v\u00e5rt liv av det som sker i Ukraina varf\u00f6r sker detta? Vi krigs\u00e4nkebarn har f\u00e5tt en extra kraft med att i v\u00e5r f\u00f6rening har man kunnat tala ut med likat\u00e4nkade det som varit ett tabu f\u00f6r oss i m\u00e5nga \u00e5r. Vid v\u00e5rt krigsslut blev det ca 55.000 krigs\u00e4nkebarn varav 3.500 var svensktalande. Idag finns det ca 16.000 kvar av oss. Tack f\u00f6r att biskopen tog emot oss. Caj Grundstr\u00f6m Rainer Laurila Ordf\u00f6rande Kass\u00f6r  Svenskfinlands krigs\u00e4nkebarn r.f Bidrag av Krogellska stiftelsen i Sibbo har gjort detta m\u00f6jligt <\/p>\n\n\n\n<p> \u00c4rade biskop Bo &#8211; G\u00f6ran \u00c5strand.<\/p>\n\n\n\n<p> Svenskfinlands krigs\u00e4nkebarn r.f har \u00f6versatt den finska psalmen Sotaorpojen virsi 378 till svenska och \u00f6nskar att med biskopens hj\u00e4lp f\u00e5 att domkapitlet skulle distribuera texten till alla svenska f\u00f6rsamlingar i Finland.<\/p>\n\n\n\n<p> Vi \u00f6nskar och f\u00f6resl\u00e5r att psalmen skulle sjungas p\u00e5 de stupades dag i kyrkorna, \u00e4ven att den skulle f\u00e5 plats i psalmboken. <\/p>\n\n\n\n<p>Texten som \u00e4r skriven p\u00e5 finska av Anna &#8211; Mari Kaskinen 2012 och \u00f6versatt till svenska av f\u00f6rfattaren Catharina \u00d6stman i Vasa. Vi har f\u00e5tt lov till att g\u00f6ra \u00f6vers\u00e4ttningen av Anna -Mari Kaskinen som ocks\u00e5 godk\u00e4nt den.Texten i psalmen \u00e4r skriven exakt med ord som vi k\u00e4nner och upplever precis idag.<\/p>\n\n\n\n<p>Kaplan Helena R\u00f6nnberg talade varmt p\u00e5 de stupades dag i Sibbo 2023 p\u00e5 hj\u00e4ltegraven om krigs\u00e4nkebarnen och n\u00e4mnde om denna psalm som hon hade \u00f6versatt n\u00e5gra rader som gjorde att jag tyckte att den b\u00f6r \u00f6vers\u00e4ttas \u00e5t oss f\u00f6r vi har ingen egen psalm och h\u00e4r finns den nu som vi f\u00e5r sjunga p\u00e5 v\u00e5ra tillf\u00e4llen. Vi har f\u00e5tt den uppfattning att det s\u00e4llan p\u00e5 de stupades dag talas till oss man har liksom gl\u00f6mt bort att det \u00e4r v\u00e5ra pappor som ligger d\u00e4r fast vi krigs\u00e4nkebarn \u00e4r dom n\u00e4rmaste, men det finns vissa orter d\u00e4r vi f\u00e5r s\u00e4tta ner v\u00e5r blomsterhyllning till f\u00f6rst.<\/p>\n\n\n\n<p> Idag blir vi p\u00e5minna om det som vi har upplevt hela v\u00e5rt liv av det som sker i Ukraina varf\u00f6r sker detta? Vi krigs\u00e4nkebarn har f\u00e5tt en extra kraft med att i v\u00e5r f\u00f6rening har man kunnat tala ut med likat\u00e4nkade det som varit ett tabu f\u00f6r oss i m\u00e5nga \u00e5r. Vid v\u00e5rt krigsslut blev det ca 55.000 krigs\u00e4nkebarn varav 3.500 var svensktalande. Idag finns det ca 16.000 kvar av oss.<\/p>\n\n\n\n<p> Tack f\u00f6r att biskopen tog emot oss.<\/p>\n\n\n\n<p>Caj Grundstr\u00f6m  Ordf\u00f6rande       Rainer Laurila Kass\u00f6r <br>                       <br>                                <\/p>\n\n\n\n<p><\/p>\n\n\n\n<p> Svenskfinlands krigs\u00e4nkebarn r.f <\/p>\n\n\n\n<p>Bidrag av Krogellska stiftelsen i Sibbo har gjort detta m\u00f6jligt <\/p>\n\n\n\n<figure class=\"wp-block-image is-resized\"><img loading=\"lazy\" decoding=\"async\" width=\"745\" height=\"1024\" src=\"https:\/\/www.svenskfinlandskrigsankebarn.multi.fi\/wp-content\/uploads\/2024\/04\/Image-2-745x1024.jpg\" alt=\"\" class=\"wp-image-1618\" style=\"width:922px;height:1267px\" srcset=\"https:\/\/www.svenskfinlandskrigsankebarn.multi.fi\/wp-content\/uploads\/2024\/04\/Image-2-745x1024.jpg 745w, https:\/\/www.svenskfinlandskrigsankebarn.multi.fi\/wp-content\/uploads\/2024\/04\/Image-2-218x300.jpg 218w, https:\/\/www.svenskfinlandskrigsankebarn.multi.fi\/wp-content\/uploads\/2024\/04\/Image-2-768x1056.jpg 768w\" sizes=\"auto, (max-width: 745px) 100vw, 745px\" \/><\/figure>\n\n\n\n<figure class=\"wp-block-image is-resized\"><img loading=\"lazy\" decoding=\"async\" width=\"745\" height=\"1024\" src=\"https:\/\/www.svenskfinlandskrigsankebarn.multi.fi\/wp-content\/uploads\/2024\/04\/Image-4-745x1024.jpg\" alt=\"\" class=\"wp-image-1627\" style=\"width:927px;height:1274px\" srcset=\"https:\/\/www.svenskfinlandskrigsankebarn.multi.fi\/wp-content\/uploads\/2024\/04\/Image-4-745x1024.jpg 745w, https:\/\/www.svenskfinlandskrigsankebarn.multi.fi\/wp-content\/uploads\/2024\/04\/Image-4-218x300.jpg 218w, https:\/\/www.svenskfinlandskrigsankebarn.multi.fi\/wp-content\/uploads\/2024\/04\/Image-4-768x1056.jpg 768w\" sizes=\"auto, (max-width: 745px) 100vw, 745px\" \/><\/figure>\n\n\n\n<p><\/p>\n\n\n\n\n\n<p><strong>Svenskfinlands krigs\u00e4nkebarn rf<\/strong><\/p>\n\n\n\n<p>&nbsp;<strong>MEDLEMSBREV&nbsp;&nbsp;&nbsp;&nbsp; 1 \/ 24<\/strong> &nbsp;&nbsp;&nbsp;&nbsp;&nbsp;&nbsp;&nbsp;&nbsp;&nbsp;&nbsp;&nbsp;&nbsp;&nbsp;&nbsp;&nbsp;&nbsp;&nbsp;&nbsp;&nbsp;&nbsp;&nbsp;&nbsp;&nbsp;&nbsp;&nbsp;&nbsp;&nbsp;&nbsp;&nbsp;&nbsp;&nbsp;&nbsp;&nbsp;&nbsp;&nbsp;&nbsp; Sibbo den 12 februari 2024<\/p>\n\n\n\n<p>B\u00e4sta krigs\u00e4nkebarn samt \u00f6vriga medlemmar.<\/p>\n\n\n\n<p>Ett nytt \u00e5r har b\u00f6rjat i kyla och mycket sn\u00f6 med d\u00e4rtill\nh\u00f6rande jobb som sn\u00f6r\u00f6jning och ved h\u00e4mtning.<\/p>\n\n\n\n<p>Jag skrev ett uttryck i senaste medlemsbrev och nu kommer\ndet mer. I Helsingfors p\u00e5 50-talet fanns det Elantos butiker. P\u00e5 Tavastv\u00e4gen\nfanns det ett tr\u00e4staket d\u00e4r dom hade reklam. En dag var d\u00e4r en text som var\n\u00f6versatt fr\u00e5n finska till svenska enligt f\u00f6ljande:&#8221; Elantos br\u00f6d smakar\nsom er frus bak&#8221;, s\u00e5 kan det g\u00e5. Texten togs bort ganska hastigt.<\/p>\n\n\n\n<p>P\u00e5 styrelsem\u00f6tet den 25.01 2024 i Vasa besl\u00f6ts vi att\nsommart\u00e4ffen h\u00e5lles som 3 dagars tr\u00e4ff i \u00c5bo. Dessutom besl\u00f6ts att vi l\u00e5ter\nf\u00f6rfattaren Catharina \u00d6stman \u00f6vers\u00e4tta den finska psalmen Nr 378 Sotaorpojen\nvirsi ( krigs\u00e4nkebarnens psalm) s\u00e5 att vi f\u00e5r en egen psalm som kan sjungas\nt.ex p\u00e5 de stupades dag i f\u00f6rsamlingarna. Vi har f\u00e5tt lov av&nbsp; Annamari Kaskinen som har skrivit den.\nAnn-Sofi R\u00f6j-Lindberg skriver ett utdrag ur en artikel i v\u00e5rt medlemsbrev. Jag\n\u00f6nskar att vi blir en stor medlemsskara p\u00e5 \u00e5rsm\u00f6tet i Vasa. Kom&nbsp; med och ha goda f\u00f6rslag.<\/p>\n\n\n\n<p>Ha det bra alla \u00f6nskar.<\/p>\n\n\n\n<p>Caj<\/p>\n\n\n\n<p>\u00c5RSM\u00d6TET<br> M\u00f6tet \u00e4r l\u00f6rdagen den 16 mars 2024 p\u00e5 soldathemmet,Korholmsesplanaden 6-8,Vasa. Start med lunch kl 12.00 som f\u00f6reningen bjuder p\u00e5. \u00c5rsm\u00f6tet b\u00f6rjar kl 13.00.<\/p>\n\n\n\n<p>Anm\u00e4l er f\u00f6r deltagande och lunch till Lars H\u00f6glund tel 0505308140 f\u00f6re den 12 mars.<\/p>\n\n\n\n<p>LOKALTR\u00c4FFAR<br> V\u00c4STRA NYLAND Karis, Socis Nils Grabbegatan 6, fredagen den 22 mars 2024. OBS \u00c4NDRAD TID. Vi b\u00f6rjar med lunch kl 14.30 som ni sj\u00e4lva betalar och kl.15.00 b\u00f6rjar tr\u00e4ffen. Anm\u00e4l er till Ulla Nordstr\u00f6m tel 0400780682 senast den 15 mars.<br> \u00d6STRA NYLAND i Borg\u00e5 i Borg\u00e5stads bibliotek Pr\u00e4stgatan 20, 06100 Borg\u00e5 torsdagen<br> den 21 mars 2024. Start kl 13.00 med kaffe och saltbit som ni sj\u00e4lva betalar. Anm\u00e4l<br> er till Rainer Laurila tel. 0407328745 senast den 18 mars.<\/p>\n\n\n\n<p>MEDLEMMAR<br>\nVi har 229 medlemmar varav 16 obetalda.<\/p>\n\n\n\n<p>SOMMARTR\u00c4FFEN<br>\n\u00c4r den 20-22 augusti 2024 i \u00c5bo p\u00e5 Ruissalo spa hotell<\/p>\n\n\n\n<p>HEMSIDAN<br> Vid styrelsem\u00f6tet i Vasa besl\u00f6ts att Ingegerd Str\u00f6m-Gardberg tillsammans med Rainer Laurila sk\u00f6ter om v\u00e5r hemsida.<br> Adressen till Ingegerd \u00e4r: ingegerd.strom.gardberg@gmail.com<br> och till Rainer Laurila: krigsankebarn@gmail.com<\/p>\n\n\n\n<p>Medlemsv\u00e5rd 7.12.2023 kl 14 p\u00e5 Vallonia<\/p>\n\n\n\n<ul class=\"wp-block-list\">\n<li>Risgrynsgr\u00f6t med fruktsoppa eller kanel och socker och mj\u00f6lk. Kaffe med jult\u00e5rta.14 .- per person som f\u00f6reningen bekostade<\/li>\n\n\n\n<li>Antal deltagare enligt deltagarlistan.<\/li>\n\n\n\n<li>Program: Bo-Sanfrid H\u00f6glund ber\u00e4ttade om flygolyckan i Kvevlax \u00e4r 1961 d\u00e4r hans far h\u00f6rde till de omkomna. En gripande ber\u00e4ttelse.<br> Dessutom var Bo-Sanfrid (Bosse) s\u00e5ngare av mycket h\u00f6g klass. Njutbart att lyssna till hans s\u00e5nger av varierande slag. Han sj\u00f6ng b\u00e5de Elvis och Johnny Casch samt egetoch andras material.<br> Antecknade gjorde B\u00f6rje<\/li>\n<\/ul>\n\n\n\n<figure class=\"wp-block-image\"><a href=\"https:\/\/www.svenskfinlandskrigsankebarn.multi.fi\/wp-content\/uploads\/2024\/02\/IMG_1081-1-1-1024x768.jpg\"><img decoding=\"async\" src=\"https:\/\/www.svenskfinlandskrigsankebarn.multi.fi\/wp-content\/uploads\/2024\/02\/IMG_1081-1-1-1024x768.jpg\" alt=\"\" class=\"wp-image-1572\"\/><\/a><\/figure>\n\n\n\n<p>Medlemsv\u00e5rd i form av julgr\u00f6t 7.12.2023 p\u00e5 Majviks hotell<\/p>\n\n\n\n<p><br><\/p>\n\n\n\n<p><strong>Svenskfinlands krigs\u00e4nkebarn rf<\/strong><\/p>\n\n\n\n<p class=\"has-text-align-left\">&nbsp;<strong>MEDLEMSBREV&nbsp;&nbsp;&nbsp;&nbsp; 1 \/ 23<\/strong>&nbsp;&nbsp;&nbsp;&nbsp;&nbsp;&nbsp;&nbsp;&nbsp;&nbsp;&nbsp;&nbsp;&nbsp;&nbsp;&nbsp;&nbsp;&nbsp;&nbsp;&nbsp;&nbsp;&nbsp;&nbsp;&nbsp;&nbsp;&nbsp;&nbsp;&nbsp;&nbsp;&nbsp;&nbsp;&nbsp;&nbsp;&nbsp;&nbsp;&nbsp;&nbsp;&nbsp;&nbsp;&nbsp;&nbsp;&nbsp;&nbsp;&nbsp;&nbsp;&nbsp;&nbsp;&nbsp;&nbsp;&nbsp;&nbsp;&nbsp;&nbsp;&nbsp;&nbsp; Sibbo den 1 februari 2023<\/p>\n\n\n\n<p>B\u00e4sta krigs\u00e4nkebarn samt \u00f6vriga medlemmar.<\/p>\n\n\n\n<p>Nu f\u00e5r vi igen l\u00e4ra oss att skriva ett nytt \u00e5rtal med ett\nminne som inte alltid funkar.<\/p>\n\n\n\n<p>Man kan alltid tala om v\u00e4dret i f\u00f6rordet till ett\nmedlemsbrev. Men idag t\u00e4nker jag inte g\u00f6ra det. Vi disskuterade p\u00e5\nstyrelsem\u00f6tet i Vasa den 26 januari om att v\u00e5r medlemsskara minskar v\u00e4ldigt\nmycket, s\u00e5 h\u00e4r g\u00e4ller det f\u00f6r oss alla i f\u00f6reningen att vi&nbsp; skulle skaffa en medlem per man till detta \u00e5r\nELLER HUR?? Det f\u00e5r vara barn eller barnbarn eller n\u00e5gon som \u00e4r krigs\u00e4nkebarn\nmen inte har skrivit in sej.&nbsp;&nbsp;&nbsp;&nbsp;&nbsp;&nbsp;&nbsp;&nbsp;&nbsp;&nbsp;\nRest. Waskias ledning bad om urs\u00e4kt f\u00f6r det avbrott som gjordes p\u00e5 v\u00e5r\njullunch d\u00e5 v\u00e5ra artister upptr\u00e4dde och sade att det inte kommer att upprepas\nn\u00e4sta g\u00e5ng. Styrelsen \u00f6nskar att s\u00e5 m\u00e5nga som m\u00f6jligt st\u00e4ller upp p\u00e5 \u00e5rsm\u00f6tet i\nVasa.<\/p>\n\n\n\n<p>Med \u00f6nskan om god forts\u00e4ttning p\u00e5 \u00e5ret.<\/p>\n\n\n\n<p>Caj<\/p>\n\n\n\n<p><strong>\u00c5RSM\u00d6TET<\/strong><\/p>\n\n\n\n<p>M\u00f6tet \u00e4r l\u00f6rdagen den 18 mars 2023 p\u00e5 soldathemmet,\nKorholmsesplanaden 6-8, Vasa. Start med lunch kl 12.00 som f\u00f6reningen bjuder\np\u00e5. \u00c5rsm\u00f6tet b\u00f6rjar kl 13.00.&nbsp; Anm\u00e4l er\nf\u00f6r deltagande och lunch till Lars H\u00f6glund tel. 0505308140&nbsp; f\u00f6re den 12 mars.<\/p>\n\n\n\n<p><strong>LOKALTR\u00c4FFAR<\/strong><\/p>\n\n\n\n<p>V\u00c4STRA NYLAND Karis, Socis Nils Grabbegatan 6, onsdagen\nden 22 mars 2023.&nbsp;&nbsp;&nbsp;&nbsp;&nbsp; OBS \u00c4NDRAD TID. Vi\nb\u00f6rjar med lunch kl 13.00 som f\u00f6reningen bjuder p\u00e5 och kl.14.00 b\u00f6rjar\ntr\u00e4ffen.&nbsp; Anm\u00e4l er till Ulla Nordstr\u00f6m\ntel. 0400780682 senast den13 mars.<\/p>\n\n\n\n<p>\u00d6STRA NYLAND&nbsp; i\nSibbo p\u00e5 handelsmanscafe i Box, Spjutsundsv\u00e4gen 103.&nbsp; 01190 Box&nbsp;\ntordagen den 23 mars 2023. Start kl 13.00 med sopplunch som f\u00f6reningen\nbjuder p\u00e5. Anm\u00e4l er till Rainer Laurila tel.0407328745 senast den 18 mars.<\/p>\n\n\n\n<p>HELSINGFORS MED OMNEJD torsdagen den 16 februari 2023 i\nFolkh\u00e4lsans matsal&nbsp; Mannerheimv\u00e4gen 97.\nVi bjuder p\u00e5 kaffe med dopp.&nbsp; Anm\u00e4l er\ntill Christina Wiik tel. 0405390747 senst den 9 februari 2023.<\/p>\n\n\n\n<p><strong>MEDLEMMAR<\/strong><\/p>\n\n\n\n<p>Vi har 242 medlemmar varav 8 obetalda.<\/p>\n\n\n\n<p><strong>SOMMARTR\u00c4FFEN<\/strong><\/p>\n\n\n\n<p>Enligt disskusionen i Vasa p\u00e5 tr\u00e4ffen f\u00f6reslogs att vi\nborde arrangera tr\u00e4ffarna 1\/2 v\u00e4gs f\u00f6r \u00d6sterbottningarna och s\u00f6dra Finlands\nmedlemmar samt att f\u00f6rkorta tr\u00e4ffen till 2 dagar. Det har styrelsen nu gjort\noch d\u00e4rf\u00f6r tr\u00e4ffas vi igen den 16- 17 augusti 2023 i Tammerfors p\u00e5 AitO\nkurcenter d\u00e4r vi var 2021 Kirjoniementie 15, 33680 Tammerfors. Mer information\nkommer i medlemsbrev nr. 2\/ 23.<\/p>\n\n\n\n<p><strong>INFORMATION<\/strong><\/p>\n\n\n\n<p>Styrelsen konstaterade att vi inte har r\u00e4tt att meddela\nom medlems d\u00f6dfall utan anh\u00f6rigas medgivande. Eftersom alla inte meddelar om\natt medlem avlidit skulle vi inte f\u00e5 en fullst\u00e4ndig lista.<\/p>\n\n\n\n<p><strong>HEMSIDAN<\/strong><\/p>\n\n\n\n<p>Skicka till Rainer om ni har foton eller n\u00e5got annat som\npassar till sidan.<\/p>\n\n\n\n<p>OBS ny adress till Rainer Laurila:\nkrigsankebarn@gmail.com<\/p>\n\n\n\n<figure class=\"wp-block-image\"><img decoding=\"async\" src=\"https:\/\/www.svenskfinlandskrigsankebarn.multi.fi\/wp-content\/uploads\/2024\/02\/medlemsb.-2.2023-1-1-724x1024.jpg\" alt=\"\" class=\"wp-image-1581\"\/><\/figure>\n\n\n\n<figure class=\"wp-block-image\"><img decoding=\"async\" src=\"https:\/\/www.svenskfinlandskrigsankebarn.multi.fi\/wp-content\/uploads\/2024\/02\/Scan_0002-724x1024.jpg\" alt=\"\" class=\"wp-image-1582\"\/><\/figure>\n\n\n\n<p><\/p>\n\n\n\n<p><\/p>\n\n\n\n<p> &nbsp;&nbsp;&nbsp; <\/p>\n\n\n\n<p> &nbsp;&nbsp;&nbsp;&nbsp;&nbsp;&nbsp;&nbsp;&nbsp;&nbsp;&nbsp;&nbsp;&nbsp;&nbsp;&nbsp;&nbsp;&nbsp;&nbsp;&nbsp;&nbsp;&nbsp;&nbsp;&nbsp;&nbsp;&nbsp;&nbsp;&nbsp;&nbsp;&nbsp;&nbsp;&nbsp; <\/p>\n\n\n\n<p><br><\/p>\n\n\n\n<p><\/p>\n\n\n\n<p><\/p>\n\n\n\n<p><\/p>\n\n\n\n<p><\/p>\n\n\n\n<p><\/p>\n\n\n\n<p><\/p>\n\n\n\n<p><\/p>\n\n\n\n<p><\/p>\n\n\n\n<p><\/p>\n\n\n\n<p> <br>  <\/p>\n\n\n\n<div class=\"wp-block-media-text alignwide\"><figure class=\"wp-block-media-text__media\"><\/figure><div class=\"wp-block-media-text__content\">\n<p class=\"has-large-font-size\"><\/p>\n<\/div><\/div>\n\n\n\n<p><\/p>\n\n\n\n<p><\/p>\n\n\n\n<p><strong>&nbsp;&nbsp;&nbsp;&nbsp;<\/strong><\/p>\n\n\n\n<figure class=\"wp-block-table\"><table><tbody><tr><td>\n  \n   \n    \n    \n    \n    \n    \n   \n  \n  &nbsp;<\/td><\/tr><\/tbody><\/table><\/figure>\n\n\n\n\n\n<p><strong>&nbsp;&nbsp;&nbsp;&nbsp;&nbsp;&nbsp;&nbsp;&nbsp;&nbsp;&nbsp;&nbsp;&nbsp;&nbsp; <\/strong><\/p>\n\n\n\n<p><\/p>\n\n\n\n<p><\/p>\n\n\n\n<div class=\"wp-block-media-text alignwide\"><figure class=\"wp-block-media-text__media\"><\/figure><div class=\"wp-block-media-text__content\">\n<p class=\"has-large-font-size\"><\/p>\n<\/div><\/div>\n\n\n\n<div class=\"wp-block-media-text is-stacked-on-mobile\"><figure class=\"wp-block-media-text__media\"><\/figure><div class=\"wp-block-media-text__content\">\n<p><\/p>\n<\/div><\/div>\n\n\n\n<p><\/p>\n","protected":false},"excerpt":{"rendered":"<p>Svenskfinlands krigs\u00e4nkebarn rf &nbsp;MEDLEMSBREV &nbsp; &nbsp; 1 \/ 26 Sibbo den 4 februari 2026 B\u00e4sta krigs\u00e4nkebarn samt \u00f6vriga medlemma. \u00c5ren g\u00e5r s\u00e5 fort nu f\u00f6r tiden, och vi sj\u00e4lva g\u00e5r saktare och saktare ( endel av oss). Sommartr\u00e4ffen i Bj\u00f6rneborg den 21-23 augusti 2026 s\u00e5 \u00e4r programmet inte \u00e4nnu klart men vi besl\u00f6t att minska &hellip; <a href=\"https:\/\/www.svenskfinlandskrigsankebarn.multi.fi\/?page_id=374\" class=\"more-link\">Forts\u00e4tt l\u00e4sa <span class=\"screen-reader-text\">Medlemsbrev<\/span><\/a><\/p>\n","protected":false},"author":3,"featured_media":0,"parent":0,"menu_order":0,"comment_status":"closed","ping_status":"closed","template":"","meta":{"footnotes":"[]"},"class_list":["post-374","page","type-page","status-publish","hentry"],"_links":{"self":[{"href":"https:\/\/www.svenskfinlandskrigsankebarn.multi.fi\/index.php?rest_route=\/wp\/v2\/pages\/374","targetHints":{"allow":["GET"]}}],"collection":[{"href":"https:\/\/www.svenskfinlandskrigsankebarn.multi.fi\/index.php?rest_route=\/wp\/v2\/pages"}],"about":[{"href":"https:\/\/www.svenskfinlandskrigsankebarn.multi.fi\/index.php?rest_route=\/wp\/v2\/types\/page"}],"author":[{"embeddable":true,"href":"https:\/\/www.svenskfinlandskrigsankebarn.multi.fi\/index.php?rest_route=\/wp\/v2\/users\/3"}],"replies":[{"embeddable":true,"href":"https:\/\/www.svenskfinlandskrigsankebarn.multi.fi\/index.php?rest_route=%2Fwp%2Fv2%2Fcomments&post=374"}],"version-history":[{"count":154,"href":"https:\/\/www.svenskfinlandskrigsankebarn.multi.fi\/index.php?rest_route=\/wp\/v2\/pages\/374\/revisions"}],"predecessor-version":[{"id":2023,"href":"https:\/\/www.svenskfinlandskrigsankebarn.multi.fi\/index.php?rest_route=\/wp\/v2\/pages\/374\/revisions\/2023"}],"wp:attachment":[{"href":"https:\/\/www.svenskfinlandskrigsankebarn.multi.fi\/index.php?rest_route=%2Fwp%2Fv2%2Fmedia&parent=374"}],"curies":[{"name":"wp","href":"https:\/\/api.w.org\/{rel}","templated":true}]}}