{"id":479,"date":"2018-02-18T09:02:06","date_gmt":"2018-02-18T07:02:06","guid":{"rendered":"https:\/\/www.svenskfinlandskrigsankebarn.multi.fi\/?page_id=479"},"modified":"2025-06-01T10:18:55","modified_gmt":"2025-06-01T07:18:55","slug":"lokaltraffen","status":"publish","type":"page","link":"https:\/\/www.svenskfinlandskrigsankebarn.multi.fi\/?page_id=479","title":{"rendered":"Lokaltr\u00e4ffen"},"content":{"rendered":"\n<p><strong>Lokaltr\u00e4ffen f\u00f6r v\u00e4stnyl\u00e4nningarna i Karis den 19.03 2025.<\/strong><\/p>\n\n\n\n<p>Vi b\u00f6rjade med att \u00e4ta lunch fr\u00e5n ett digert buffebord och sedan kaffe. 10 personer hade st\u00e4llt upp p\u00e5 tr\u00e4ffen. Vi&nbsp;b\u00f6rjade&nbsp;med att t\u00e4nda ljus f\u00f6r v\u00e5ra&nbsp;bortg\u00e5ngna&nbsp;och sedan ber\u00e4ttade jag om \u00e5rsm\u00f6tets beslut och det \u00f6vriga programmet vi kommer att ha under \u00e5ret 2025.<\/p>\n\n\n\n<p>Vi presenterade oss och ber\u00e4ttade kort om v\u00e5r story. D\u00e4refter ber\u00e4ttade Ros-Mari Nyman om &#8221;Hur jag blev utan fader&#8221;. Hedersmedlemmen Ulla Nordstr\u00f6m gratulerades och sedan l\u00e4ste hon en dikt&nbsp;till&nbsp;oss. Hans Heinrich ber\u00e4ttade&nbsp;orgel historier&nbsp;som han upplevt under sitt liv som orgelbyggare.<\/p>\n\n\n\n<p><strong>Lokaltr\u00e4ffen i Sibbo f\u00f6r \u00f6stnyl\u00e4ndningarna p\u00e5 Linda&nbsp;servicehusets&nbsp;matsal 20.03 2025<\/strong><\/p>\n\n\n\n<p>H\u00e4r b\u00f6rjade vi ocks\u00e5 med lunch och sedan med kaffe och dopp. M\u00f6tet f\u00f6ljde Karis m\u00f6tets exempel.<\/p>\n\n\n\n<figure class=\"wp-block-image size-large is-resized\"><img loading=\"lazy\" decoding=\"async\" width=\"768\" height=\"1024\" src=\"https:\/\/www.svenskfinlandskrigsankebarn.multi.fi\/wp-content\/uploads\/2025\/03\/image0000001-768x1024.jpg\" alt=\"\" class=\"wp-image-1821\" style=\"width:388px;height:auto\" srcset=\"https:\/\/www.svenskfinlandskrigsankebarn.multi.fi\/wp-content\/uploads\/2025\/03\/image0000001-768x1024.jpg 768w, https:\/\/www.svenskfinlandskrigsankebarn.multi.fi\/wp-content\/uploads\/2025\/03\/image0000001-225x300.jpg 225w, https:\/\/www.svenskfinlandskrigsankebarn.multi.fi\/wp-content\/uploads\/2025\/03\/image0000001.jpg 848w\" sizes=\"auto, (max-width: 768px) 100vw, 768px\" \/><\/figure>\n\n\n\n<p>Vi b\u00f6rjade med t\u00e4nda ljus f\u00f6r de&nbsp;bortg\u00e5ngna&nbsp;och sedan var \u00e5rsm\u00f6tets f\u00f6rhandlingarnas tur &nbsp;samt \u00e5rets utbud p\u00e5 program p\u00e5 v\u00e5rt 20 \u00e5riga verksamhet. Vi presenterade oss f\u00f6r varandra och \u00f6nskade v\u00e5r nya medlem Christine Stjernvall v\u00e4lkommen i g\u00e4nget. 10+1 personer hade st\u00e4llt upp. &nbsp;Verkst\u00e4llande direkt\u00f6ren Veronica Fellman fr\u00e5n Linda servicehus stiftelsen ber\u00e4ttade om deras verksamhetsformer.<\/p>\n\n\n\n<figure class=\"wp-block-image size-large is-resized\"><img loading=\"lazy\" decoding=\"async\" width=\"768\" height=\"1024\" src=\"https:\/\/www.svenskfinlandskrigsankebarn.multi.fi\/wp-content\/uploads\/2025\/03\/image0000011-768x1024.jpg\" alt=\"\" class=\"wp-image-1820\" style=\"width:400px;height:auto\" srcset=\"https:\/\/www.svenskfinlandskrigsankebarn.multi.fi\/wp-content\/uploads\/2025\/03\/image0000011-768x1024.jpg 768w, https:\/\/www.svenskfinlandskrigsankebarn.multi.fi\/wp-content\/uploads\/2025\/03\/image0000011-225x300.jpg 225w, https:\/\/www.svenskfinlandskrigsankebarn.multi.fi\/wp-content\/uploads\/2025\/03\/image0000011.jpg 848w\" sizes=\"auto, (max-width: 768px) 100vw, 768px\" \/><\/figure>\n\n\n\n<p>Skrivet av : Caj Grundstr\u00f6m             Foto:  Caj<\/p>\n\n\n\n<p><\/p>\n\n\n\n<p>Lokaltr\u00e4ff \u2013 KOL 13.2.2025<br>En lokaltr\u00e4ff p\u00e5 Vallonia av det ovanligare slaget. Programmet hade uppgjorts av Caj<br>Grundstr\u00f6m tillsammans med KOL:s representant Laura Teittinen. Programmet var<br>statsfinansierat via STEA. En avgift p\u00e5 10 euro\/deltagare uppbars.<br>Programpunkter som presenterades:<\/p>\n\n\n\n<ul class=\"wp-block-list\">\n<li>Lunch<\/li>\n\n\n\n<li>Projektinfo med v\u00e4ndags\u00f6verraskning<\/li>\n\n\n\n<li>Kaffe<\/li>\n\n\n\n<li>Simning eller diskussion i sm\u00e5 grupper<\/li>\n\n\n\n<li>Feedback<br>Tid : 12 \u2013 16.30<br>Laura var naturligtvis finskspr\u00e5kig. Hon bj\u00f6d till att tala svenska. Hon var positiv, glad och trevlig s\u00e5 d\u00e4rf\u00f6r kunde man ha \u00f6verseende med hennes svenska.                               Ingen anv\u00e4nde sig av m\u00f6jligheten att g\u00e5 och simma i den ny\u00f6ppnade simbass\u00e4ngen.<br>Projekten har p\u00e5g\u00e5tt \u00e5r 2024 samt \u00e4nnu 2025. Alla projekt gick ut p\u00e5 att bryta den<br>ensamhet som m\u00e5nga av krigs\u00e4nkebarnen kan k\u00e4nna.<br>Ett projekt kallade hon \u201dV\u00e4lbefinnande dagar\u201d. Det var det vi fick vara med om.<br>Ett annat projekt kallade hon: \u201dSm\u00e5 grupper\u201d. En liten grupp kunde samlas varannan vecka och diskutera valfritt \u00e4mne.<br>Ett tredje projekt kallade hon: \u201dKaffekassen\u201d. D.v.s. du tar kaffe och dobb med dig f\u00f6r att g\u00e5 och bes\u00f6ka ett krigs\u00e4nkebarn hemma eller p\u00e5 ett \u00e4ldreboende.<br>Den mest givande programpunkten var n\u00e4r vi, i sm\u00e5 grupper, fick sitta och diskutera: \u201dMitt liv som krigs\u00e4nkebarn\u201d. F\u00f6r min personliga del kan jag s\u00e4ga att vi under f\u00f6reningens 20-\u00e5riga historia f\u00e5tt diskutera den fr\u00e5gan m\u00e5nga g\u00e5nger ur olika synvinklar. Vi har f\u00e5tt prata&#8217;och gr\u00e5ta. Nu pl\u00f6tsligt fick humorn ocks\u00e5 komma med. En i gruppen sade: \u201dEftersom ettgott skratt f\u00f6rl\u00e4nger livet har vi nu f\u00f6rl\u00e4ngt livet med minst en vecka\u201d.<br>V\u00e4ndags\u00f6verraskningen var att tillverka ett v\u00e4ndagskort. Trevligt och avkopplande. Laura hade med sig tillverkningsmaterial och verktyg.<br>Vi borde ha varit 20 deltagare f\u00f6r att kursen skulle bli av. Tyv\u00e4rr blev vi bara 13.<br>Vill man ha kontakt med Laura sker det l\u00e4mpligast via Caj.<br>B\u00f6rje<\/li>\n<\/ul>\n\n\n\n<figure class=\"wp-block-image size-large\"><img loading=\"lazy\" decoding=\"async\" width=\"1024\" height=\"592\" src=\"https:\/\/www.svenskfinlandskrigsankebarn.multi.fi\/wp-content\/uploads\/2025\/02\/Lokaltraffen-Vallonia-13.2.2025-Foto-Laura-Teittinen-1024x592.jpg\" alt=\"\" class=\"wp-image-1782\" srcset=\"https:\/\/www.svenskfinlandskrigsankebarn.multi.fi\/wp-content\/uploads\/2025\/02\/Lokaltraffen-Vallonia-13.2.2025-Foto-Laura-Teittinen-1024x592.jpg 1024w, https:\/\/www.svenskfinlandskrigsankebarn.multi.fi\/wp-content\/uploads\/2025\/02\/Lokaltraffen-Vallonia-13.2.2025-Foto-Laura-Teittinen-300x173.jpg 300w, https:\/\/www.svenskfinlandskrigsankebarn.multi.fi\/wp-content\/uploads\/2025\/02\/Lokaltraffen-Vallonia-13.2.2025-Foto-Laura-Teittinen-768x444.jpg 768w, https:\/\/www.svenskfinlandskrigsankebarn.multi.fi\/wp-content\/uploads\/2025\/02\/Lokaltraffen-Vallonia-13.2.2025-Foto-Laura-Teittinen.jpg 1245w\" sizes=\"auto, (max-width: 1024px) 100vw, 1024px\" \/><figcaption class=\"wp-element-caption\">Deltagarna P\u00e5 Vallonia lokaltr\u00e4ffen 13.2.2025                                   Foto Laura Teittinen<\/figcaption><\/figure>\n\n\n\n<details class=\"wp-block-details is-layout-flow wp-block-details-is-layout-flow\"><summary>Lokaltr\u00e4ffen i Helsingfors den 13 febr. 2025 p\u00e5 Folkh\u00e4lsan i Brunak\u00e4rr kl 14.00<br><br>12 personer av 14 anm\u00e4lda var n\u00e4rvarande. Vi drack kaffe med fik som man s\u00e4ger i Sverige f\u00f6r att vi hade en medlem fr\u00e5n Sverige med  p\u00e5 tr\u00e4ffen. Hon fick ocks\u00e5 mycket uppm\u00e4rksamhet och fr\u00e5gor av v\u00e5ra \u00f6vriga medlemmar. Vi diskuterade<br>dagens h\u00e4ndelser flitigt och kom med fina f\u00f6rslag.<br>Jag ber\u00e4ttade om v\u00e5r sommartr\u00e4ffs program samt \u00f6vrigt vi hade beslutit p\u00e5 styrelsem\u00f6tet i Vasa. 2 timmar gick v\u00e4ldigt snabbt i goda v\u00e4nners lag.<br>Tr\u00e4ffen avslutades vid 16.00.<br><br>Upptecknat av Caj Grundstr\u00f6m<\/summary>\n<p><\/p>\n<\/details>\n\n\n\n<p><\/p>\n\n\n\n<p><\/p>\n\n\n\n<h2 class=\"wp-block-heading\">Julgr\u00f6t i S\u00f6dra Finland<\/h2>\n\n\n\n<p><strong> Majvik 10.12.2024<\/strong><\/p>\n\n\n\n<figure class=\"wp-block-image is-resized\"><img loading=\"lazy\" decoding=\"async\" width=\"768\" height=\"1024\" src=\"https:\/\/www.svenskfinlandskrigsankebarn.multi.fi\/wp-content\/uploads\/2024\/12\/PHOTO-2024-12-10-18-28-14-1-768x1024.jpg\" alt=\"\" class=\"wp-image-1706\" style=\"width:401px;height:535px\" srcset=\"https:\/\/www.svenskfinlandskrigsankebarn.multi.fi\/wp-content\/uploads\/2024\/12\/PHOTO-2024-12-10-18-28-14-1-768x1024.jpg 768w, https:\/\/www.svenskfinlandskrigsankebarn.multi.fi\/wp-content\/uploads\/2024\/12\/PHOTO-2024-12-10-18-28-14-1-225x300.jpg 225w, https:\/\/www.svenskfinlandskrigsankebarn.multi.fi\/wp-content\/uploads\/2024\/12\/PHOTO-2024-12-10-18-28-14-1.jpg 1536w\" sizes=\"auto, (max-width: 768px) 100vw, 768px\" \/><\/figure>\n\n\n\n<figure class=\"wp-block-image is-resized\"><img loading=\"lazy\" decoding=\"async\" width=\"768\" height=\"1024\" src=\"https:\/\/www.svenskfinlandskrigsankebarn.multi.fi\/wp-content\/uploads\/2024\/12\/PHOTO-2024-12-10-Majvik-768x1024.jpg\" alt=\"\" class=\"wp-image-1707\" style=\"width:404px;height:539px\" srcset=\"https:\/\/www.svenskfinlandskrigsankebarn.multi.fi\/wp-content\/uploads\/2024\/12\/PHOTO-2024-12-10-Majvik-768x1024.jpg 768w, https:\/\/www.svenskfinlandskrigsankebarn.multi.fi\/wp-content\/uploads\/2024\/12\/PHOTO-2024-12-10-Majvik-225x300.jpg 225w, https:\/\/www.svenskfinlandskrigsankebarn.multi.fi\/wp-content\/uploads\/2024\/12\/PHOTO-2024-12-10-Majvik.jpg 1536w\" sizes=\"auto, (max-width: 768px) 100vw, 768px\" \/><figcaption class=\"wp-element-caption\"> <br> F\u00f6reningens ordf\u00f6rande h\u00e4lsade v\u00e4lkommen, informerade och tackade f\u00f6r det g\u00e5ngna \u00e5ret.   <br> 22  deltagare,fr\u00e5n Eken\u00e4s i v\u00e4st till Borg\u00e5 i \u00f6st, tog del av v\u00e5r julgr\u00f6t och kaffe med t\u00e5rta.<br> St\u00e4mningen var glad och avslappnad. Tankar utbyttes med bordsgrannar.  <\/figcaption><\/figure>\n\n\n\n<h2 class=\"wp-block-heading\">\u00d6stra Nyland Sibbo Box <\/h2>\n\n\n\n<p>Handelsmans Cafe 15 deltagare<\/p>\n\n\n\n<figure class=\"wp-block-image is-resized\"><img loading=\"lazy\" decoding=\"async\" width=\"768\" height=\"1024\" src=\"https:\/\/www.svenskfinlandskrigsankebarn.multi.fi\/wp-content\/uploads\/2023\/03\/PHOTO-2023-03-23-15-19-13-768x1024.jpg\" alt=\"\" class=\"wp-image-1372\" style=\"width:369px;height:491px\" srcset=\"https:\/\/www.svenskfinlandskrigsankebarn.multi.fi\/wp-content\/uploads\/2023\/03\/PHOTO-2023-03-23-15-19-13-768x1024.jpg 768w, https:\/\/www.svenskfinlandskrigsankebarn.multi.fi\/wp-content\/uploads\/2023\/03\/PHOTO-2023-03-23-15-19-13-225x300.jpg 225w, https:\/\/www.svenskfinlandskrigsankebarn.multi.fi\/wp-content\/uploads\/2023\/03\/PHOTO-2023-03-23-15-19-13.jpg 1200w\" sizes=\"auto, (max-width: 768px) 100vw, 768px\" \/><\/figure>\n\n\n\n<figure class=\"wp-block-image is-resized\"><img loading=\"lazy\" decoding=\"async\" width=\"768\" height=\"1024\" src=\"https:\/\/www.svenskfinlandskrigsankebarn.multi.fi\/wp-content\/uploads\/2023\/03\/PHOTO-2023-03-23-15-19-12-768x1024.jpg\" alt=\"\" class=\"wp-image-1373\" style=\"width:369px;height:492px\" srcset=\"https:\/\/www.svenskfinlandskrigsankebarn.multi.fi\/wp-content\/uploads\/2023\/03\/PHOTO-2023-03-23-15-19-12-768x1024.jpg 768w, https:\/\/www.svenskfinlandskrigsankebarn.multi.fi\/wp-content\/uploads\/2023\/03\/PHOTO-2023-03-23-15-19-12-225x300.jpg 225w, https:\/\/www.svenskfinlandskrigsankebarn.multi.fi\/wp-content\/uploads\/2023\/03\/PHOTO-2023-03-23-15-19-12.jpg 1200w\" sizes=\"auto, (max-width: 768px) 100vw, 768px\" \/><figcaption class=\"wp-element-caption\">tyv\u00e4rr s\u00e5 har Brita Iiskola blivit yterom bilden<\/figcaption><\/figure>\n\n\n\n<h2 class=\"wp-block-heading\"> <br><strong>V\u00e4stra Nyland Karis<\/strong> 22.3.2023 <\/h2>\n\n\n\n<p>11 deltagare.<\/p>\n\n\n\n<p><\/p>\n\n\n\n<h2 class=\"wp-block-heading\"> HELSINGFORS MED OMNEJD<\/h2>\n\n\n\n<p> torsdagen den 16 februari 2023 i Folkh\u00e4lsans matsal. 6 deltagare<\/p>\n\n\n\n<div class=\"wp-block-media-text alignwide\" style=\"grid-template-columns:74% auto\"><figure class=\"wp-block-media-text__media\"><img loading=\"lazy\" decoding=\"async\" width=\"768\" height=\"1024\" src=\"https:\/\/www.svenskfinlandskrigsankebarn.multi.fi\/wp-content\/uploads\/2023\/02\/unnamed-768x1024.jpg\" alt=\"\" class=\"wp-image-1363 size-full\" srcset=\"https:\/\/www.svenskfinlandskrigsankebarn.multi.fi\/wp-content\/uploads\/2023\/02\/unnamed-768x1024.jpg 768w, https:\/\/www.svenskfinlandskrigsankebarn.multi.fi\/wp-content\/uploads\/2023\/02\/unnamed-225x300.jpg 225w, https:\/\/www.svenskfinlandskrigsankebarn.multi.fi\/wp-content\/uploads\/2023\/02\/unnamed.jpg 1200w\" sizes=\"auto, (max-width: 768px) 100vw, 768px\" \/><\/figure><div class=\"wp-block-media-text__content\">\n<p class=\"has-large-font-size\"><\/p>\n<\/div><\/div>\n\n\n\n<p><strong>Foto Caj<\/strong><\/p>\n\n\n\n<div class=\"wp-block-media-text alignwide\"><figure class=\"wp-block-media-text__media\"><\/figure><div class=\"wp-block-media-text__content\">\n<p class=\"has-large-font-size\"><\/p>\n<\/div><\/div>\n\n\n\n<h2 class=\"wp-block-heading\"> Lokaltr\u00e4ff p\u00e5 Frank Mangs center Torsdag den<br> 9\/2 2023 . kl.13.00<\/h2>\n\n\n\n<p>Dagens g\u00e4st pension\u00e4r kommun styrelse ordf\u00f6rande Olav Sj\u00f6g\u00e5rd som<br> ber\u00e4ttade om sin karri\u00e4r. God mat o fint samvaro<br><\/p>\n\n\n\n<p>17 deltagare<\/p>\n\n\n\n<p>\n\n\u00c5ke\n\n<\/p>\n\n\n\n<p><br>  <\/p>\n\n\n\n<h2 class=\"wp-block-heading\" id=\":o3\">Lokaltr\u00e4ffen Vasa \/ Korsholm 9.2.2023<\/h2>\n\n\n\n<p> Vi var 18 personer anm\u00e4lda och 18 kom, inklusive g\u00e4stf\u00f6rel\u00e4saren.En h\u00e4rlig dag i dag. F\u00e5glarna har \u00f6vat sig p\u00e5 sitt v\u00e5rl\u00e4te!<br>B\u00f6rje <\/p>\n\n\n\n<h2 class=\"wp-block-heading\"> <br> <br>Lokaltr\u00e4ffen  Peders\u00f6re Hotell Polaris. 9.2.2023<\/h2>\n\n\n\n<p>21 deltagande<\/p>\n\n\n\n<h2 class=\"wp-block-heading\"><strong>K\u00c4B \u2013 Jullunch 2022 p\u00e5\nWaskia<\/strong><\/h2>\n\n\n\n<p>F\u00f6reningens ordf\u00f6rande h\u00e4lsade\nv\u00e4lkommen, informerade och tackade f\u00f6r det g\u00e5ngna \u00e5ret.<\/p>\n\n\n\n<p>Till att skapa julst\u00e4mning\nbidrog M\u00e4rta Nylund n\u00e4r hon f\u00f6r andra \u00e5ret i rad&nbsp; l\u00e4ste dikten, \u201dTomten\u201d av Viktor Rydberg. En\ndikt som \u00e4nnu mera borde l\u00e4sas f\u00f6r att skapa verklig julst\u00e4mning. Dikten visar\nhur vi skall ta hand om varandra, vara sn\u00e4lla mot b\u00e5de m\u00e4nniskor och djur, inte\nbara till jul utan under \u00e5rets alla dagar.<\/p>\n\n\n\n<p>Gl\u00e4djande m\u00e5nga, 55 medlemmar\noch deras partners ville ta del av v\u00e5r jullunch som bestod av lite program och\ntraditionell julmat. St\u00e4mningen var glad och avslappnad. Tankar utbyttes med\nbordsgrannar.<\/p>\n\n\n\n<p>F\u00f6r den musikaliska\nunderh\u00e5llningen stod MM-Group. Den v\u00e4lsjungande k\u00f6ren och spelm\u00e4nnen hade anpassat\nsina musikstycken efter den n\u00e4rvarande publiken. Sk\u00f6nt n\u00e4r man kunde k\u00e4nna igen\nden st\u00e4mningsfulla musik som framf\u00f6rdes. En verkligt underh\u00e5llande s\u00e5ng och\nmusikstund.<\/p>\n\n\n\n<p>Lasse H\u00f6glund l\u00e4ste en\nkarlebydikt d\u00e4r en man, efter att ha r\u00e4knat upp alla sina 30 symptom, fr\u00e5gade\nom han kunde vara sjuk.<\/p>\n\n\n\n<p>Som vanligt var en mycket\nviktig programpunkt diskussionen som f\u00f6rdes vid varje matbord.<\/p>\n\n\n\n<p>Lite \u201dgn\u00e4ll\u201d h\u00f6rdes fr\u00e5n\nhusv\u00e4rdens sida eftersom ett \u201dallvarsamt\u201d m\u00f6te h\u00f6lls p\u00e5 andra sidan v\u00e4ggen. De\nhade s\u00e4kert velat vara med oss. B\u00f6r tas upp till diskussion inf\u00f6r n\u00e4sta\njullunch.<\/p>\n\n\n\n<p>Antecknade f\u00f6r K\u00c4B-arkivet gjorde B\u00f6rje<\/p>\n\n\n\n<figure class=\"wp-block-image\"><img decoding=\"async\" src=\"https:\/\/lh3.googleusercontent.com\/Cnp9K65bU3kUc7S7ZVydoea1jz9pV3l02qPLV3OeKarEPGZREwxyyIBDQHT4b4dKC3W5kgxi56F5LbS-D4W8EuK9XY0JR4irrepvyGkn9bhFlqk9kvoThFpYCCR59UpK_kDJP7sSUWABQFFoCYeoQxbHtPYQXX0Mz5-tNVrXKMbNWoB1NcS1f4gjCe6RPJMEbU0w0enImHgmkEyNEV4lMYE6lHKjX3OD2Eh_YFma5M2lBIuqoU4mW9KmE0Po-lA8z6tq2gcpA8hoc8kG06wJACW7lgUE278v5ExqHPp6YRZrQVZCny4KD8ECtduVZEAsoxWbgtcKqoAw06jjGsJT-d1x6k_PrKPHi0rJQCGICTBdZ42qZk099WzmwPaRSks2LPoaF_i_52DjqKDzk7-St65FSeBJWnjAFm-4fJTvsFEeCGc97oTsnhqSPPkR1OdekYCSMROLEFGeXfcZl_JBNnWdwhWxicaAX2jy6nRNM0IPn0bv1Ol_rrcRdEWdeGNJLCYW9C0-yJ0PrIx_lui3AXXYzwXUvKJD6h1FKWL5PPzPTt52qbSU9hPbcKh2oJzQXrD098OqLNxSF7mzx9U0qLcMtU2Vg2Ka8vDVX-ej2xYWAwqLRacwpbFQPSSblYef9jDRIF3kf_rEuttVu7bV_jL3hYpNeHym6WbPCUI88L9dZNr0JtLfHfTS1XFY_lNgHvw7JVtwqHKA3kyWZsfRaI3tBkFWpd2DtMpsNyQBKvsm03Zyp1Ny0soGBcFOFvRHn1tKbPtmY5yIl5IpKJIKs9ybICMkvtsbRCHPIW7i3Zi7dKGK3p7sZNvLU_ZV-twlGODh67CWpTjjpdbwpPhfwdEfu-7ddXybuNAHTQa4z2cAAiFV4ym746KN9wbeZXf5KSPljnCjXAGC2TUrp_cnzxrnfY2ia9fjTixZM2g5fTr-A21s1BBNGw_v5IogfGqZpTPzX52bR_HuoIS0Rw=w1204-h903-no?authuser=0\" alt=\"\"\/><\/figure>\n\n\n\n<h2 class=\"wp-block-heading\">Jullunch i Majvik 22.11.2022<\/h2>\n\n\n\n<figure class=\"wp-block-image\"><img decoding=\"async\" src=\"https:\/\/lh3.googleusercontent.com\/dQ-2OGCvpt1mTpYJ8mMZ6CqEc6BVgr7gKaaARNK6jlRtzBKPDDtW6jjVQTeF0yJfBRb84X2hPr6YGpcuM4hxaAAKgSwItPbnzRjMBupap2G-UMAhTQWXvE_SvQ5VW35yiFm4ispmLayq1JNhCzmHkM2U8PjDu_0XKip3yQDNagSn9Fc5clmJFyllSKI6eHaG5Tikucoidqj34qwyjWTs8DkZ6NgijrIEGDGKKpyowPVDzchgapXHo2jeSjWe5igZlfMnRYoIMfwRJDkPelAti7QT4t6xAXIWpRFJwS6ILyyqnwQj3j_se2DQNrcDjp1GDG3iG8IZzhIdWu4ukACHvbXLUgigyGz8FlySvhK_rYdtW8AYf5ol7XPO3qiapM2K_KIsv2IzzTLdN83ACcTtS_jWWat5FsT4AJAxSOC2rIjHfq2hSr54ijVppO88v4XLugXPRpK_b4lGfzIi9MoLawDscdLnqKbTbB5sn9pvRtkASKjYb2L8O4nRl5k5vSrXZRjkBy52-010a5YdnbSsp2Hb0GMImWGJOJ8TRoGQAvelBYrpShgEHL5OmGvy72TXvXVRpeiAESFZZuqgZ3IOo4L3yo4Irdj1Czcysh3DKgFHrxfjzA3LCAUEhjERuZ-g17B_-IBQZk1TMbn5mec7TFTn12I_qP7cDQVyrdzdBWFq1tql2Z4Oayl_eCCzA_k--PGgehKNGL44jseP_Iw3UBtAIfn873RBzC9BFu-cEDFY_2oYRCruyMruIQVqlAGj1Ribj4nFR5p0Cb1Gmt5BHmHYEqBAC56e9FWJsWKxUeK3Xkq-3E0oAJgYWyZlIBCOKuuMrBScI4URtnxYFrL1X1fYmCYPZe6ZMYhSOTDDf__BsgPQxzioyCd9PANhTDmSn3jvVIgksd2_uxIA30G18sFeyyxtTqO0yqYmmH-pPRvYmZYoI_c346-HJKDm9KwYNGQfjYYcCYJWvRNiRA=w1204-h903-no?authuser=0\" alt=\"\"\/><\/figure>\n\n\n\n<p>\n\nF\u00f6reningens ordf\u00f6rande h\u00e4lsade v\u00e4lkommen, informerade och tackade f\u00f6r det g\u00e5ngna \u00e5ret.\n\n<\/p>\n\n\n\n<p> 35 medlemmar och deras partners ville ta del av v\u00e5r jullunch som bestod av lite program och traditionell julmat. St\u00e4mningen var glad och avslappnad. Tankar utbyttes med bordsgrannar. <\/p>\n\n\n\n<p> F\u00f6r den musikaliska underh\u00e5llningen stod trubaduren Markus Nordst\u00f6rm. <\/p>\n\n\n\n<h2 class=\"wp-block-heading\">Lokaltr\u00e4ffen<\/h2>\n\n\n\n<p><\/p>\n\n\n\n<p><\/p>\n\n\n\n<p><\/p>\n\n\n\n<p> PEDERS\u00d6RE Hotel Polaris. 21April 2022 <\/p>\n\n\n\n<p>21 deltagare.<\/p>\n\n\n\n<p>V<strong>ASA\/KORSHOLM<\/strong> Valonia. 21 April 2022 <\/p>\n\n\n\n<p>19 deltagare<\/p>\n\n\n\n<p><strong>N\u00c4RPES <\/strong>Frank Mangs Center. 21.April 2022<\/p>\n\n\n\n<p><\/p>\n\n\n\n<figure class=\"wp-block-image\"><img loading=\"lazy\" decoding=\"async\" width=\"768\" height=\"1024\" src=\"https:\/\/www.svenskfinlandskrigsankebarn.multi.fi\/wp-content\/uploads\/2022\/04\/PHOTO-2022-04-13-17-56-52-768x1024.jpg\" alt=\"\" class=\"wp-image-1254\" srcset=\"https:\/\/www.svenskfinlandskrigsankebarn.multi.fi\/wp-content\/uploads\/2022\/04\/PHOTO-2022-04-13-17-56-52-768x1024.jpg 768w, https:\/\/www.svenskfinlandskrigsankebarn.multi.fi\/wp-content\/uploads\/2022\/04\/PHOTO-2022-04-13-17-56-52-225x300.jpg 225w, https:\/\/www.svenskfinlandskrigsankebarn.multi.fi\/wp-content\/uploads\/2022\/04\/PHOTO-2022-04-13-17-56-52.jpg 1536w\" sizes=\"auto, (max-width: 768px) 100vw, 768px\" \/><figcaption class=\"wp-element-caption\">Lokaltr\u00e4ff den 7.4.2022 i H:fors <\/figcaption><\/figure>\n\n\n<div class=\"wp-block-image\">\n<figure class=\"alignleft is-resized\"><img loading=\"lazy\" decoding=\"async\" width=\"1024\" height=\"768\" src=\"https:\/\/www.svenskfinlandskrigsankebarn.multi.fi\/wp-content\/uploads\/2022\/03\/lokaltr\u00e4ff-i-Borg\u00e5-24.3.2022-1024x768.jpg\" alt=\"\" class=\"wp-image-1231\" style=\"width:660px;height:495px\" srcset=\"https:\/\/www.svenskfinlandskrigsankebarn.multi.fi\/wp-content\/uploads\/2022\/03\/lokaltr\u00e4ff-i-Borg\u00e5-24.3.2022-1024x768.jpg 1024w, https:\/\/www.svenskfinlandskrigsankebarn.multi.fi\/wp-content\/uploads\/2022\/03\/lokaltr\u00e4ff-i-Borg\u00e5-24.3.2022-300x225.jpg 300w, https:\/\/www.svenskfinlandskrigsankebarn.multi.fi\/wp-content\/uploads\/2022\/03\/lokaltr\u00e4ff-i-Borg\u00e5-24.3.2022-768x576.jpg 768w, https:\/\/www.svenskfinlandskrigsankebarn.multi.fi\/wp-content\/uploads\/2022\/03\/lokaltr\u00e4ff-i-Borg\u00e5-24.3.2022.jpg 1920w\" sizes=\"auto, (max-width: 1024px) 100vw, 1024px\" \/><figcaption class=\"wp-element-caption\">Lokaltr\u00e4ff i Borg\u00e5 den 24 mars 2022<br>Restaurang Iris<br><br>Vi var 11 personer. Vi fik \u00e4rtsoppa och pannkaka till lunch. <br> <br>Traditionellt inleddes tr\u00e4ffen med ljust\u00e4ndning och en tyst minut. <br>Brita Iiskola l\u00e4ste opp ett b\u00f6n.<br> <br>Caj informerade om f\u00f6reningens kommande verksamhet.&nbsp; <br><br>Ann Ekberg fr\u00e5n R\u00f6da Korsets Borg\u00e5 avdelning ber\u00e4ttade om verksamheten i Borg\u00e5 avdelningen.<br><br><br><\/figcaption><\/figure>\n<\/div>\n\n\n<figure class=\"wp-block-image\"><img loading=\"lazy\" decoding=\"async\" width=\"768\" height=\"1024\" src=\"https:\/\/www.svenskfinlandskrigsankebarn.multi.fi\/wp-content\/uploads\/2022\/03\/image0000001-768x1024.jpg\" alt=\"\" class=\"wp-image-1217\" srcset=\"https:\/\/www.svenskfinlandskrigsankebarn.multi.fi\/wp-content\/uploads\/2022\/03\/image0000001-768x1024.jpg 768w, https:\/\/www.svenskfinlandskrigsankebarn.multi.fi\/wp-content\/uploads\/2022\/03\/image0000001-225x300.jpg 225w, https:\/\/www.svenskfinlandskrigsankebarn.multi.fi\/wp-content\/uploads\/2022\/03\/image0000001.jpg 1440w\" sizes=\"auto, (max-width: 768px) 100vw, 768px\" \/><figcaption class=\"wp-element-caption\">Lokaltr\u00e4ffen i Karis 9.3.2022<\/figcaption><\/figure>\n\n\n<h4>LOKALTR\u00c4FFEN 2020<\/h4>\n<\/p>\n<p><strong>VASA\/ KORSHOLM&nbsp; <\/strong>Hotell Vallonia 11.02.2020&nbsp;<\/p>\n<p>22 personer<\/p>\n<\/p>\n<p><b>Peders\u00f6re&nbsp; <\/b>Hotell Polaris 14.02.2020<\/p>\n<p>19 personer<\/p>\n<p><strong>Svenskfinlands krigs\u00e4nkebarn medlemstr\u00e4ff Frank Mangs Center<\/strong><\/p>\n<p><strong>fredag den 14\/2 2020 kl.13.00.<\/strong><\/p>\n<p><strong>Vi var 27 pers. det tyckte var mycket bra vi b\u00f6rjade som vanlig med en tyst <\/strong><strong>minut o t\u00e4nda ljus sedan med god mat. Efter\u00e5t informerade \u00c5ke lite om kommande program bland annat \u00e5rsm\u00f6te, r\u00f6varstek, sommarsamlingen i Tammerfors till avslutning film. 100 brev fr\u00e5n min fader o Hj\u00e4ltinnebarn<\/strong><\/p>\n<p><strong>Mycket bra, t\u00e5ren trillade.<\/strong><\/p>\n<p><strong>&nbsp;&nbsp; \u00c5ke<\/strong><\/p>\n<\/p>\n<p><strong>Helsingfors<\/strong> Hemvron 20.02.2020<\/p>\n<p>10 personer<\/p>\n<\/p>\n<p>Lokaltr\u00e4ffen i V\u00e4stra Nyland och \u00d6stra Nyland blev inhibera p\u00e5 grund&nbsp;<\/p>\n<p>av corona-virusen<\/p>\n<\/p>\n<h4>LOKALTR\u00c4FFEN&nbsp; 2019<\/h4>\n<h4 class=\"Standard\"><span lang=\"SV-FI\" style=\"font-size: 14.0pt;\">Lokaltr\u00e4ff p\u00e5 Vallonia, Korsholm\/Vasa 22.1.2019 kl 13<\/span><\/h4>\n<p class=\"Standard\"><span lang=\"SV-FI\" style=\"font-size: 14.0pt;\">Traditionellt inleddes tr\u00e4ffen med ljust\u00e4ndning och en tyst minut.<\/span><span lang=\"SV-FI\" style=\"font-size: 14.0pt;\">&nbsp;<\/span><\/p>\n<p class=\"Standard\"><span lang=\"SV-FI\" style=\"font-size: 14.0pt;\">D\u00e4refter mat med med ljudliga diskussioner.<\/span><\/p>\n<p class=\"Standard\"><span lang=\"SV-FI\" style=\"font-size: 14.0pt;\">Kort information om f\u00f6reningens kommande verksamhet.<\/span><span lang=\"SV-FI\" style=\"font-size: 14.0pt;\">&nbsp;<\/span><\/p>\n<p class=\"Standard\"><span lang=\"SV-FI\" style=\"font-size: 14.0pt;\">Alice Lillas h\u00f6ll f\u00f6redrag om konsten att bli gammal, \u201dAtt bli gammal \u00e4r en konst\u201d.<\/span><\/p>\n<p class=\"Standard\"><span lang=\"SV-FI\" style=\"font-size: 14.0pt;\">F\u00f6redraget varvades med dragspelsmusik av hennes man Dan Lillas. En mycket lyckad kombination.<\/span><span lang=\"SV-FI\" style=\"font-size: 14.0pt;\">&nbsp;<\/span><\/p>\n<p class=\"Standard\"><span lang=\"SV-FI\" style=\"font-size: 14.0pt;\">N\u00e4rvarande var 27 medlemmar.<\/span><\/p>\n<p class=\"Standard\"><span lang=\"SV-FI\" style=\"font-size: 14.0pt;\">Noterade gjorde<\/span><\/p>\n<p class=\"Standard\"><span lang=\"SV-FI\" style=\"font-size: 14.0pt;\">B\u00f6rje Anderson<\/span><\/p>\n<h4><strong>Svenskfinlands krigs\u00e4nkebarn lokaltr\u00e4ff p\u00e5 Frank Mangs Center fredag den 15\/2 2019 kl.13.00.<\/strong><\/h4>\n<p><strong>VI var 23 pers. P\u00e5 lokaltr\u00e4ffen i N\u00e4rpes det var som f\u00f6rr, trevlig samvaro&nbsp;<\/strong><strong>o god mat 10\u20ac per person, det \u00e4r billigt f\u00f6r s\u00e5 mycket mat. \u00c5ke infomerad om kommande program bl.an. om \u00e5rsm\u00f6tes \u00e4ndrat datum, lite om sommar samlingen p\u00e5 Spa Hotel Runsala i \u00c5bo . S\u00e5 tittade vi&nbsp; filmen, resa till Svir, den uppskattes bra. Som avsluning l\u00e4ste Anna- Brita Lundell dikt mycket bra.<\/strong><\/p>\n<h3>Lokaltr\u00e4ffen i Helsingfors den 21 februari 2019.<\/h3>\n<p>Vi var 12 personer som deltog i tr\u00e4ffen. Tack till Christina Wiik och Rose-Maj Fr\u00f6man som st\u00e4llde upp som v\u00e4rdinnor och bj\u00f6d oss p\u00e5 kaffe, te och annat gott.Ulla Nordstr\u00f6m l\u00e4ste en del fr\u00e5n en bok som hette Suomen lapset sodassa som hon hade \u00f6versatt&nbsp; till svenska. P\u00e5 m\u00f6tet hade ett krigsbarn som varit i Danmark och Sverige och s\u00e5 var han ocks\u00e5 krigs\u00e4nkebarn,&nbsp; kommit med f\u00f6r att se hur v\u00e5r f\u00f6rening fungerar men han var litet avvaktande \u00e4nnu om han skulle ansluta sig som medlem.<\/p>\n<p>Caj<\/p>\n<p>Lokaltr\u00e4ffen i v\u00e4stra Nyland p\u00e5 rest. Socis i Karis h\u00f6lls den 27.03 2019 .<\/p>\n<p><img decoding=\"async\" src=\"https:\/\/www.svenskfinlandskrigsankebarn.multi.fi\/wp-content\/uploads\/2019\/03\/Ulla-och-aj.jpg\" alt=\"Denna bild har ett alt-attribut som \u00c3\u00a4r tomt. Dess filnamn \u00c3\u00a4r Ulla-och-aj.jpg\"><\/p>\n<p>Vi var 12 personer d\u00e4r och vi \u00e5t lunch samt ordf. ber\u00e4ttade om \u00e5rsm\u00f6tetoch sommartr\u00e4ffen samt uppvaktade avg\u00e5ende styrelsemedlem samt grundare av f\u00f6reningen Ulla Nordst\u00f6m med en blombukett. Hans Heinrch spelade p\u00e5 fl\u00f6jt och Ulla Nodrst\u00f6m ber\u00e4ttade om en bok som utkommit under rubriken Finlands barn i kriget. Hon hade \u00f6versatt en del av reportagen. M\u00f6tet slutades med att alla ber\u00e4ttade om sin story som krigs\u00e4nkebarn. Dessutom fick vi en ny medlem.<\/p>\n<p>Sibbo den 28.03 2019.<\/p>\n<p>Caj G<\/p>\n<\/p>\n<p>Lokaltr\u00e4ff 12.4.2019 i \u00d6stra Nyland.<\/p>\n<p><img decoding=\"async\" src=\"https:\/\/www.svenskfinlandskrigsankebarn.multi.fi\/wp-content\/uploads\/2019\/04\/IMG_0086.jpg\" alt=\"Denna bild har ett alt-attribut som \u00c3\u00a4r tomt. Dess filnamn \u00c3\u00a4r IMG_0086.jpg\"><\/p>\n<p>V\u00e5r lokaltr\u00e4ff den 12 april i \u00f6stra Nyland var en lyckad tr\u00e4ff i S\u00f6derkulla nya kyrka. Det b\u00f6rjade med en inspirerande v\u00e5r psalm och en andaktstund&nbsp; av kyrkoherden Helene Liljestr\u00f6m som h\u00f6ll ett med en mycket k\u00e4nslig text f\u00f6r oss i sin andakt. Vi alla 17medlemmar som deltog t\u00e4nde vid altare ett ljus f\u00f6r minnet av v\u00e5ra pappor och mammor. D\u00e4refter gick vi runt i de nya kyrkutrymmen och kyrkoherden ber\u00e4ttade om alla utrymmens funktion. Det var f\u00e4rglada hobby, dagis, musik och tr\u00e4ningsrum med relig\u00f6sa m\u00f6nster p\u00e5 v\u00e4ggarna. Tr\u00e4ffen avslutades med kaffe och dopp.<\/p>\n<p>Tack Sibbo svenska f\u00f6rsamling f\u00f6r en h\u00f6gtidlig och inneh\u00e5llsrik dag.<\/p>\n<p><img decoding=\"async\" src=\"https:\/\/www.svenskfinlandskrigsankebarn.multi.fi\/wp-content\/uploads\/2019\/04\/IMG_0015-2-1024x768.jpg\" alt=\"Denna bild har ett alt-attribut som \u00c3\u00a4r tomt. Dess filnamn \u00c3\u00a4r IMG_0015-2-1024x768.jpg\"><\/p>\n<p>Sibbo den 13.04<\/p>\n<p>Caj<\/p>\n<\/p>\n<p><strong>LOKALTR\u00c4FFEN 2018<\/strong><\/p>\n<p>Har h\u00e5llits:<\/p>\n<p>&#8211; Rest. Kungsg\u00e5rden i Gamla Vasa den 18.1.&nbsp; 22 deltagare.<\/p>\n<p>&#8211;&nbsp; Helsingfors Hemvr\u00e5n den 15.2.&nbsp; 16 deltagare.<\/p>\n<p>&#8211; Peders\u00f6re Hot. Polaris&nbsp; den 16.2.&nbsp; 21 deltagare.<\/p>\n<p>&#8211; N\u00e4rpes Frank Mangscentrum den 16.2.&nbsp; 28 deltagare.<\/p>\n<p>&#8211; Karis Rest. Socis den 22.03.&nbsp; 12 deltagare<\/p>\n<p>-Lovisa Servicehuset Esplanaden den 19.04. 18 deltagare<\/p>\n<p>Helsingfors lokaltr\u00e4ff den 15.02 kl 13,00 var en fin tr\u00e4ff med 16 personer och Chistina Wiik och Rose-Maj Fr\u00f6man som perfekta v\u00e4rdinnor. Tack f\u00f6r goda bakverk. G\u00f6ran&nbsp; von Pfahler hade&nbsp; en CD fr\u00e5n 70 talet med&nbsp; poesi och musik som vi h\u00f6rde halva delen av. Konservator Eirik Granqvist framf\u00f6rde sin version av arbete och museets betydelse f\u00f6r framtiden och hans arbete i olika l\u00e4nder.<\/p>\n<p>\u2018Caj<\/p>\n<p>Lovisa 19.04.2018<\/p>\n<figure id=\"attachment_535\" aria-describedby=\"caption-attachment-535\" style=\"width: 1626px\" class=\"wp-caption alignnone\"><img loading=\"lazy\" decoding=\"async\" class=\"size-full wp-image-535\" src=\"https:\/\/www.svenskfinlandskrigsankebarn.multi.fi\/wp-content\/uploads\/2018\/04\/WP_20180419_14_47_54_Pro.jpg\" alt=\"\" width=\"1626\" height=\"1081\" srcset=\"https:\/\/www.svenskfinlandskrigsankebarn.multi.fi\/wp-content\/uploads\/2018\/04\/WP_20180419_14_47_54_Pro.jpg 1626w, https:\/\/www.svenskfinlandskrigsankebarn.multi.fi\/wp-content\/uploads\/2018\/04\/WP_20180419_14_47_54_Pro-300x199.jpg 300w, https:\/\/www.svenskfinlandskrigsankebarn.multi.fi\/wp-content\/uploads\/2018\/04\/WP_20180419_14_47_54_Pro-768x511.jpg 768w, https:\/\/www.svenskfinlandskrigsankebarn.multi.fi\/wp-content\/uploads\/2018\/04\/WP_20180419_14_47_54_Pro-1024x681.jpg 1024w\" sizes=\"auto, (max-width: 1626px) 100vw, 1626px\" \/><figcaption id=\"caption-attachment-535\" class=\"wp-caption-text\">Konservator Eirik Granqvist h\u00f6ll ett f\u00f6redrag om konsten att bygga diaramor av djur.<br \/>P\u00e5 tr\u00e4ffen i Lovisa var 18 personer n\u00e4rvarande.<\/figcaption><\/figure>\n\n\n\n\n<p><\/p>\n\n\n\n<p><\/p>\n\n\n\n\n\n<figure class=\"wp-block-image\"><img loading=\"lazy\" decoding=\"async\" width=\"1024\" height=\"768\" src=\"https:\/\/www.svenskfinlandskrigsankebarn.multi.fi\/wp-content\/uploads\/2019\/04\/IMG_0015-2-1024x768.jpg\" alt=\"\" class=\"wp-image-693\" srcset=\"https:\/\/www.svenskfinlandskrigsankebarn.multi.fi\/wp-content\/uploads\/2019\/04\/IMG_0015-2-1024x768.jpg 1024w, https:\/\/www.svenskfinlandskrigsankebarn.multi.fi\/wp-content\/uploads\/2019\/04\/IMG_0015-2-300x225.jpg 300w, https:\/\/www.svenskfinlandskrigsankebarn.multi.fi\/wp-content\/uploads\/2019\/04\/IMG_0015-2-768x576.jpg 768w, https:\/\/www.svenskfinlandskrigsankebarn.multi.fi\/wp-content\/uploads\/2019\/04\/IMG_0015-2.jpg 1600w\" sizes=\"auto, (max-width: 1024px) 100vw, 1024px\" \/><\/figure>\n\n\n\n\n\n<figure class=\"wp-block-image is-resized\"><img loading=\"lazy\" decoding=\"async\" width=\"555\" height=\"311\" src=\"https:\/\/www.svenskfinlandskrigsankebarn.multi.fi\/wp-content\/uploads\/2019\/04\/IMG_0086.jpg\" alt=\"\" class=\"wp-image-694\" style=\"width:486px;height:272px\" srcset=\"https:\/\/www.svenskfinlandskrigsankebarn.multi.fi\/wp-content\/uploads\/2019\/04\/IMG_0086.jpg 555w, https:\/\/www.svenskfinlandskrigsankebarn.multi.fi\/wp-content\/uploads\/2019\/04\/IMG_0086-300x168.jpg 300w\" sizes=\"auto, (max-width: 555px) 100vw, 555px\" \/><\/figure>\n\n\n\n<pre class=\"wp-block-preformatted\"><\/pre>\n\n\n\n<p><\/p>\n\n\n\n\n\n<p><\/p>\n\n\n\n<pre class=\"wp-block-preformatted\"><\/pre>\n\n\n\n<p><\/p>\n","protected":false},"excerpt":{"rendered":"<p>Lokaltr\u00e4ffen f\u00f6r v\u00e4stnyl\u00e4nningarna i Karis den 19.03 2025. Vi b\u00f6rjade med att \u00e4ta lunch fr\u00e5n ett digert buffebord och sedan kaffe. 10 personer hade st\u00e4llt upp p\u00e5 tr\u00e4ffen. Vi&nbsp;b\u00f6rjade&nbsp;med att t\u00e4nda ljus f\u00f6r v\u00e5ra&nbsp;bortg\u00e5ngna&nbsp;och sedan ber\u00e4ttade jag om \u00e5rsm\u00f6tets beslut och det \u00f6vriga programmet vi kommer att ha under \u00e5ret 2025. Vi presenterade oss och &hellip; <a href=\"https:\/\/www.svenskfinlandskrigsankebarn.multi.fi\/?page_id=479\" class=\"more-link\">Forts\u00e4tt l\u00e4sa <span class=\"screen-reader-text\">Lokaltr\u00e4ffen<\/span><\/a><\/p>\n","protected":false},"author":3,"featured_media":0,"parent":0,"menu_order":0,"comment_status":"closed","ping_status":"closed","template":"","meta":{"footnotes":""},"class_list":["post-479","page","type-page","status-publish","hentry"],"_links":{"self":[{"href":"https:\/\/www.svenskfinlandskrigsankebarn.multi.fi\/index.php?rest_route=\/wp\/v2\/pages\/479","targetHints":{"allow":["GET"]}}],"collection":[{"href":"https:\/\/www.svenskfinlandskrigsankebarn.multi.fi\/index.php?rest_route=\/wp\/v2\/pages"}],"about":[{"href":"https:\/\/www.svenskfinlandskrigsankebarn.multi.fi\/index.php?rest_route=\/wp\/v2\/types\/page"}],"author":[{"embeddable":true,"href":"https:\/\/www.svenskfinlandskrigsankebarn.multi.fi\/index.php?rest_route=\/wp\/v2\/users\/3"}],"replies":[{"embeddable":true,"href":"https:\/\/www.svenskfinlandskrigsankebarn.multi.fi\/index.php?rest_route=%2Fwp%2Fv2%2Fcomments&post=479"}],"version-history":[{"count":46,"href":"https:\/\/www.svenskfinlandskrigsankebarn.multi.fi\/index.php?rest_route=\/wp\/v2\/pages\/479\/revisions"}],"predecessor-version":[{"id":1847,"href":"https:\/\/www.svenskfinlandskrigsankebarn.multi.fi\/index.php?rest_route=\/wp\/v2\/pages\/479\/revisions\/1847"}],"wp:attachment":[{"href":"https:\/\/www.svenskfinlandskrigsankebarn.multi.fi\/index.php?rest_route=%2Fwp%2Fv2%2Fmedia&parent=479"}],"curies":[{"name":"wp","href":"https:\/\/api.w.org\/{rel}","templated":true}]}}